{"id":10537,"date":"2026-04-17T14:26:07","date_gmt":"2026-04-17T12:26:07","guid":{"rendered":"https:\/\/theblackfig.com\/?page_id=10537"},"modified":"2026-04-24T13:41:41","modified_gmt":"2026-04-24T11:41:41","slug":"home","status":"publish","type":"page","link":"https:\/\/theblackfig.com\/de","title":{"rendered":"New Homepage"},"content":{"rendered":"<div id=\"pl-10537\"  class=\"panel-layout\" ><div id=\"pg-10537-0\"  class=\"panel-grid panel-has-style\" ><div class=\" three-mobile-columns siteorigin-panels-stretch panel-row-style panel-row-style-for-10537-0\" data-stretch-type=\"full\" ><div id=\"pgc-10537-0-0\"  class=\"panel-grid-cell\" ><div id=\"panel-10537-0-0-0\" class=\"so-panel widget widget_sow-image-grid panel-first-child panel-last-child\" data-index=\"0\" ><div id=\"grid-border-columns\" class=\"panel-widget-style panel-widget-style-for-10537-0-0-0\" ><div\n\t\t\t\n\t\t\tclass=\"so-widget-sow-image-grid so-widget-sow-image-grid-default-5ff94c193d20-10537\"\n\t\t\t\n\t\t>\t<div\n\t\tclass=\"sow-image-grid-wrapper\"\n\t\tdata-max-width=\"350\"\t\tdata-max-height=\"350\"\t>\n\t\t\t\t\t<div class=\"sow-image-grid-image\">\n\t\t\t\t\t\t\t\t\t\t\t\t\t<a href=\"http:\/\/theblackfig.com\/de\/rezepte-aus-der-toskana\"\n\t\t\t\t\t>\n\t\t\t\t\t\t\t\t<img decoding=\"async\" width=\"800\" height=\"1200\" src=\"https:\/\/theblackfig.com\/wp-content\/uploads\/2013\/09\/pappa-pomodoro_26.png\" class=\"sow-image-grid-image_html\" alt=\"\" title=\"Aus der Toskana\" srcset=\"https:\/\/theblackfig.com\/wp-content\/uploads\/2013\/09\/pappa-pomodoro_26.png 800w, https:\/\/theblackfig.com\/wp-content\/uploads\/2013\/09\/pappa-pomodoro_26-200x300.png 200w, https:\/\/theblackfig.com\/wp-content\/uploads\/2013\/09\/pappa-pomodoro_26-683x1024.png 683w\" sizes=\"(max-width: 800px) 100vw, 800px\" \/>\t\t\t\t\t\t\t\t\t<\/a>\n\t\t\t\t\t\t\t\t\t\t\t\t\t<div class=\"image-title\">\n\t\t\t\t\t\tAus der Toskana\t\t\t\t\t<\/div>\n\t\t\t\t\t\t\t<\/div>\n\t\t\t\t\t<div class=\"sow-image-grid-image\">\n\t\t\t\t\t\t\t\t\t\t\t\t\t<a href=\"https:\/\/theblackfig.com\/de\/erster-gang\"\n\t\t\t\t\t>\n\t\t\t\t\t\t\t\t<img decoding=\"async\" width=\"680\" height=\"1020\" src=\"https:\/\/theblackfig.com\/wp-content\/uploads\/2016\/10\/lasagne-alla-zucca-e-gorgonzola-con-porro.jpg\" class=\"sow-image-grid-image_html\" alt=\"\" title=\"Pasta &amp; Co\" srcset=\"https:\/\/theblackfig.com\/wp-content\/uploads\/2016\/10\/lasagne-alla-zucca-e-gorgonzola-con-porro.jpg 680w, https:\/\/theblackfig.com\/wp-content\/uploads\/2016\/10\/lasagne-alla-zucca-e-gorgonzola-con-porro-200x300.jpg 200w\" sizes=\"(max-width: 680px) 100vw, 680px\" \/>\t\t\t\t\t\t\t\t\t<\/a>\n\t\t\t\t\t\t\t\t\t\t\t\t\t<div class=\"image-title\">\n\t\t\t\t\t\tPasta &amp; Co\t\t\t\t\t<\/div>\n\t\t\t\t\t\t\t<\/div>\n\t\t\t\t\t<div class=\"sow-image-grid-image\">\n\t\t\t\t\t\t\t\t\t\t\t\t\t<a href=\"https:\/\/theblackfig.com\/de\/dessert-de\"\n\t\t\t\t\t>\n\t\t\t\t\t\t\t\t<img decoding=\"async\" width=\"1000\" height=\"1500\" src=\"https:\/\/theblackfig.com\/wp-content\/uploads\/2026\/01\/Torta-rovesciata-arance_4.jpg\" class=\"sow-image-grid-image_html\" alt=\"\" title=\"Dessert\" srcset=\"https:\/\/theblackfig.com\/wp-content\/uploads\/2026\/01\/Torta-rovesciata-arance_4.jpg 1000w, https:\/\/theblackfig.com\/wp-content\/uploads\/2026\/01\/Torta-rovesciata-arance_4-200x300.jpg 200w, https:\/\/theblackfig.com\/wp-content\/uploads\/2026\/01\/Torta-rovesciata-arance_4-683x1024.jpg 683w\" sizes=\"(max-width: 1000px) 100vw, 1000px\" \/>\t\t\t\t\t\t\t\t\t<\/a>\n\t\t\t\t\t\t\t\t\t\t\t\t\t<div class=\"image-title\">\n\t\t\t\t\t\tDessert\t\t\t\t\t<\/div>\n\t\t\t\t\t\t\t<\/div>\n\t\t\t\t\t<div class=\"sow-image-grid-image\">\n\t\t\t\t\t\t\t\t\t\t\t\t\t<a href=\"https:\/\/theblackfig.com\/de\/aperitiv-und-vorspeise\"\n\t\t\t\t\t>\n\t\t\t\t\t\t\t\t<img decoding=\"async\" width=\"1200\" height=\"1704\" src=\"https:\/\/theblackfig.com\/wp-content\/uploads\/2020\/03\/pizzette-arrotolate-pasta-pizza.jpg\" class=\"sow-image-grid-image_html\" alt=\"\" title=\"Aperitiv &amp; Vorspeise\" srcset=\"https:\/\/theblackfig.com\/wp-content\/uploads\/2020\/03\/pizzette-arrotolate-pasta-pizza.jpg 1200w, https:\/\/theblackfig.com\/wp-content\/uploads\/2020\/03\/pizzette-arrotolate-pasta-pizza-211x300.jpg 211w, https:\/\/theblackfig.com\/wp-content\/uploads\/2020\/03\/pizzette-arrotolate-pasta-pizza-721x1024.jpg 721w, https:\/\/theblackfig.com\/wp-content\/uploads\/2020\/03\/pizzette-arrotolate-pasta-pizza-1082x1536.jpg 1082w\" sizes=\"(max-width: 1200px) 100vw, 1200px\" \/>\t\t\t\t\t\t\t\t\t<\/a>\n\t\t\t\t\t\t\t\t\t\t\t\t\t<div class=\"image-title\">\n\t\t\t\t\t\tAperitiv &amp; Vorspeise\t\t\t\t\t<\/div>\n\t\t\t\t\t\t\t<\/div>\n\t\t\t<\/div>\n<\/div><\/div><\/div><\/div><\/div><\/div><div id=\"pg-10537-1\"  class=\"panel-grid panel-has-style\" ><div class=\" three-mobile-columns siteorigin-panels-stretch panel-row-style panel-row-style-for-10537-1\" data-stretch-type=\"full\" ><div id=\"pgc-10537-1-0\"  class=\"panel-grid-cell\" ><div id=\"panel-10537-1-0-0\" class=\"so-panel widget widget_sow-headline panel-first-child\" data-index=\"1\" ><div class=\"panel-widget-style panel-widget-style-for-10537-1-0-0\" ><div\n\t\t\t\n\t\t\tclass=\"so-widget-sow-headline so-widget-sow-headline-default-3314507d088c-10537\"\n\t\t\t\n\t\t><div class=\"sow-headline-container \">\n\t\t\t\t\t\t\t<h2 class=\"sow-headline\">\n\t\t\t\t\t\tBeliebte Kategorien\t\t\t\t\t\t<\/h2>\n\t\t\t\t\t\t<\/div>\n<\/div><\/div><\/div><div id=\"panel-10537-1-0-1\" class=\"so-panel widget widget_sow-image-grid panel-last-child\" data-index=\"2\" ><div class=\" three-mobile-columns panel-widget-style panel-widget-style-for-10537-1-0-1\" ><div\n\t\t\t\n\t\t\tclass=\"so-widget-sow-image-grid so-widget-sow-image-grid-default-5ff94c193d20-10537\"\n\t\t\t\n\t\t>\t<div\n\t\tclass=\"sow-image-grid-wrapper\"\n\t\tdata-max-width=\"150\"\t\tdata-max-height=\"150\"\t>\n\t\t\t\t\t<div class=\"sow-image-grid-image\">\n\t\t\t\t\t\t\t\t\t\t\t\t\t<a href=\"https:\/\/theblackfig.com\/de\/alle-rezepte\/italienische-ricotta-rezepte\"\n\t\t\t\t\t>\n\t\t\t\t\t\t\t\t<img decoding=\"async\" width=\"375\" height=\"375\" src=\"https:\/\/theblackfig.com\/wp-content\/uploads\/2026\/04\/X-cat-ricotta-4-375x375.png\" class=\"sow-image-grid-image_html\" alt=\"\" title=\"Ricotta&lt;br \/&gt;Rezepte\" srcset=\"https:\/\/theblackfig.com\/wp-content\/uploads\/2026\/04\/X-cat-ricotta-4-375x375.png 375w, https:\/\/theblackfig.com\/wp-content\/uploads\/2026\/04\/X-cat-ricotta-4-300x300.png 300w, https:\/\/theblackfig.com\/wp-content\/uploads\/2026\/04\/X-cat-ricotta-4-150x150.png 150w, https:\/\/theblackfig.com\/wp-content\/uploads\/2026\/04\/X-cat-ricotta-4-500x500.png 500w, https:\/\/theblackfig.com\/wp-content\/uploads\/2026\/04\/X-cat-ricotta-4-360x361.png 360w, https:\/\/theblackfig.com\/wp-content\/uploads\/2026\/04\/X-cat-ricotta-4-216x216.png 216w, https:\/\/theblackfig.com\/wp-content\/uploads\/2026\/04\/X-cat-ricotta-4.png 950w\" sizes=\"(max-width: 375px) 100vw, 375px\" \/>\t\t\t\t\t\t\t\t\t<\/a>\n\t\t\t\t\t\t\t\t\t\t\t\t\t<div class=\"image-title\">\n\t\t\t\t\t\tRicotta<br \/>Rezepte\t\t\t\t\t<\/div>\n\t\t\t\t\t\t\t<\/div>\n\t\t\t\t\t<div class=\"sow-image-grid-image\">\n\t\t\t\t\t\t\t\t\t\t\t\t\t<a href=\"https:\/\/theblackfig.com\/de\/dessert-de\/schokolade-und-kakao\"\n\t\t\t\t\t>\n\t\t\t\t\t\t\t\t<img decoding=\"async\" width=\"375\" height=\"375\" src=\"https:\/\/theblackfig.com\/wp-content\/uploads\/2026\/04\/X-cat-cioccolato-3-375x375.png\" class=\"sow-image-grid-image_html\" alt=\"\" title=\"Schokolade&lt;br \/&gt;&amp; Kakao\" srcset=\"https:\/\/theblackfig.com\/wp-content\/uploads\/2026\/04\/X-cat-cioccolato-3-375x375.png 375w, https:\/\/theblackfig.com\/wp-content\/uploads\/2026\/04\/X-cat-cioccolato-3-300x300.png 300w, https:\/\/theblackfig.com\/wp-content\/uploads\/2026\/04\/X-cat-cioccolato-3-150x150.png 150w, https:\/\/theblackfig.com\/wp-content\/uploads\/2026\/04\/X-cat-cioccolato-3-500x500.png 500w, https:\/\/theblackfig.com\/wp-content\/uploads\/2026\/04\/X-cat-cioccolato-3-360x361.png 360w, https:\/\/theblackfig.com\/wp-content\/uploads\/2026\/04\/X-cat-cioccolato-3-216x216.png 216w, https:\/\/theblackfig.com\/wp-content\/uploads\/2026\/04\/X-cat-cioccolato-3.png 950w\" sizes=\"(max-width: 375px) 100vw, 375px\" \/>\t\t\t\t\t\t\t\t\t<\/a>\n\t\t\t\t\t\t\t\t\t\t\t\t\t<div class=\"image-title\">\n\t\t\t\t\t\tSchokolade<br \/>&amp; Kakao\t\t\t\t\t<\/div>\n\t\t\t\t\t\t\t<\/div>\n\t\t\t\t\t<div class=\"sow-image-grid-image\">\n\t\t\t\t\t\t\t\t\t\t\t\t\t<a href=\"https:\/\/theblackfig.com\/de\/erster-gang\/suppen\"\n\t\t\t\t\t>\n\t\t\t\t\t\t\t\t<img decoding=\"async\" width=\"375\" height=\"375\" src=\"https:\/\/theblackfig.com\/wp-content\/uploads\/2026\/04\/X-cat-minestre-2-375x375.png\" class=\"sow-image-grid-image_html\" alt=\"\" title=\"Suppen&lt;br \/&gt;&amp; Eint\u00f6pfe\" srcset=\"https:\/\/theblackfig.com\/wp-content\/uploads\/2026\/04\/X-cat-minestre-2-375x375.png 375w, https:\/\/theblackfig.com\/wp-content\/uploads\/2026\/04\/X-cat-minestre-2-300x300.png 300w, https:\/\/theblackfig.com\/wp-content\/uploads\/2026\/04\/X-cat-minestre-2-150x150.png 150w, https:\/\/theblackfig.com\/wp-content\/uploads\/2026\/04\/X-cat-minestre-2-500x500.png 500w, https:\/\/theblackfig.com\/wp-content\/uploads\/2026\/04\/X-cat-minestre-2-360x361.png 360w, https:\/\/theblackfig.com\/wp-content\/uploads\/2026\/04\/X-cat-minestre-2-216x216.png 216w, https:\/\/theblackfig.com\/wp-content\/uploads\/2026\/04\/X-cat-minestre-2.png 950w\" sizes=\"(max-width: 375px) 100vw, 375px\" \/>\t\t\t\t\t\t\t\t\t<\/a>\n\t\t\t\t\t\t\t\t\t\t\t\t\t<div class=\"image-title\">\n\t\t\t\t\t\tSuppen<br \/>&amp; Eint\u00f6pfe\t\t\t\t\t<\/div>\n\t\t\t\t\t\t\t<\/div>\n\t\t\t\t\t<div class=\"sow-image-grid-image\">\n\t\t\t\t\t\t\t\t\t\t\t\t\t<a href=\"https:\/\/theblackfig.com\/de\/italienische-gebaeck-rezepte\/kekse-und-plaetzchen\"\n\t\t\t\t\t>\n\t\t\t\t\t\t\t\t<img decoding=\"async\" width=\"375\" height=\"375\" src=\"https:\/\/theblackfig.com\/wp-content\/uploads\/2026\/04\/X-cat-biscotti_5-1-375x375.png\" class=\"sow-image-grid-image_html\" alt=\"\" title=\"Biscotti\" srcset=\"https:\/\/theblackfig.com\/wp-content\/uploads\/2026\/04\/X-cat-biscotti_5-1-375x375.png 375w, https:\/\/theblackfig.com\/wp-content\/uploads\/2026\/04\/X-cat-biscotti_5-1-300x300.png 300w, https:\/\/theblackfig.com\/wp-content\/uploads\/2026\/04\/X-cat-biscotti_5-1-150x150.png 150w, https:\/\/theblackfig.com\/wp-content\/uploads\/2026\/04\/X-cat-biscotti_5-1-500x500.png 500w, https:\/\/theblackfig.com\/wp-content\/uploads\/2026\/04\/X-cat-biscotti_5-1-360x361.png 360w, https:\/\/theblackfig.com\/wp-content\/uploads\/2026\/04\/X-cat-biscotti_5-1-216x216.png 216w, https:\/\/theblackfig.com\/wp-content\/uploads\/2026\/04\/X-cat-biscotti_5-1.png 950w\" sizes=\"(max-width: 375px) 100vw, 375px\" \/>\t\t\t\t\t\t\t\t\t<\/a>\n\t\t\t\t\t\t\t\t\t\t\t\t\t<div class=\"image-title\">\n\t\t\t\t\t\tBiscotti\t\t\t\t\t<\/div>\n\t\t\t\t\t\t\t<\/div>\n\t\t\t\t\t<div class=\"sow-image-grid-image\">\n\t\t\t\t\t\t\t\t\t\t\t\t\t<a href=\"https:\/\/theblackfig.com\/de\/fruehstuck\"\n\t\t\t\t\t>\n\t\t\t\t\t\t\t\t<img decoding=\"async\" width=\"375\" height=\"375\" src=\"https:\/\/theblackfig.com\/wp-content\/uploads\/2026\/04\/X-cat-colazione-3-375x375.png\" class=\"sow-image-grid-image_html\" alt=\"\" title=\"Fr\u00fchstuck\" srcset=\"https:\/\/theblackfig.com\/wp-content\/uploads\/2026\/04\/X-cat-colazione-3-375x375.png 375w, https:\/\/theblackfig.com\/wp-content\/uploads\/2026\/04\/X-cat-colazione-3-300x300.png 300w, https:\/\/theblackfig.com\/wp-content\/uploads\/2026\/04\/X-cat-colazione-3-150x150.png 150w, https:\/\/theblackfig.com\/wp-content\/uploads\/2026\/04\/X-cat-colazione-3-500x500.png 500w, https:\/\/theblackfig.com\/wp-content\/uploads\/2026\/04\/X-cat-colazione-3-360x361.png 360w, https:\/\/theblackfig.com\/wp-content\/uploads\/2026\/04\/X-cat-colazione-3-216x216.png 216w, https:\/\/theblackfig.com\/wp-content\/uploads\/2026\/04\/X-cat-colazione-3.png 950w\" sizes=\"(max-width: 375px) 100vw, 375px\" \/>\t\t\t\t\t\t\t\t\t<\/a>\n\t\t\t\t\t\t\t\t\t\t\t\t\t<div class=\"image-title\">\n\t\t\t\t\t\tFr\u00fchstuck\t\t\t\t\t<\/div>\n\t\t\t\t\t\t\t<\/div>\n\t\t\t\t\t<div class=\"sow-image-grid-image\">\n\t\t\t\t\t\t\t\t\t\t\t\t\t<a href=\"https:\/\/theblackfig.com\/de\/vegetarische-rezepte\"\n\t\t\t\t\t>\n\t\t\t\t\t\t\t\t<img decoding=\"async\" width=\"375\" height=\"375\" src=\"https:\/\/theblackfig.com\/wp-content\/uploads\/2026\/04\/X-cat-veg_1-375x375.png\" class=\"sow-image-grid-image_html\" alt=\"\" title=\"Vegetarische&lt;br \/&gt;Rezepte\" srcset=\"https:\/\/theblackfig.com\/wp-content\/uploads\/2026\/04\/X-cat-veg_1-375x375.png 375w, https:\/\/theblackfig.com\/wp-content\/uploads\/2026\/04\/X-cat-veg_1-300x300.png 300w, https:\/\/theblackfig.com\/wp-content\/uploads\/2026\/04\/X-cat-veg_1-150x150.png 150w, https:\/\/theblackfig.com\/wp-content\/uploads\/2026\/04\/X-cat-veg_1-500x500.png 500w, https:\/\/theblackfig.com\/wp-content\/uploads\/2026\/04\/X-cat-veg_1-360x361.png 360w, https:\/\/theblackfig.com\/wp-content\/uploads\/2026\/04\/X-cat-veg_1-216x216.png 216w, https:\/\/theblackfig.com\/wp-content\/uploads\/2026\/04\/X-cat-veg_1.png 950w\" sizes=\"(max-width: 375px) 100vw, 375px\" \/>\t\t\t\t\t\t\t\t\t<\/a>\n\t\t\t\t\t\t\t\t\t\t\t\t\t<div class=\"image-title\">\n\t\t\t\t\t\tVegetarische<br \/>Rezepte\t\t\t\t\t<\/div>\n\t\t\t\t\t\t\t<\/div>\n\t\t\t<\/div>\n<\/div><\/div><\/div><\/div><\/div><\/div><div id=\"pg-10537-2\"  class=\"panel-grid panel-has-style\" ><div class=\"siteorigin-panels-stretch panel-row-style panel-row-style-for-10537-2\" data-stretch-type=\"full\" ><div id=\"pgc-10537-2-0\"  class=\"panel-grid-cell\" ><div id=\"panel-10537-2-0-0\" class=\"so-panel widget widget_sow-image panel-first-child panel-last-child\" data-index=\"3\" ><div\n\t\t\t\n\t\t\tclass=\"so-widget-sow-image so-widget-sow-image-default-c43113e78d82-10537\"\n\t\t\t\n\t\t>\n<div class=\"sow-image-container\">\n\t\t\t<a href=\"https:\/\/theblackfig.com\/de\/ueber-mich\"\n\t\t\ttarget=\"_blank\" rel=\"noopener noreferrer\" \t\t>\n\t\t\t<img \n\tsrc=\"https:\/\/theblackfig.com\/wp-content\/uploads\/2026\/04\/fran-500x375.png\" width=\"500\" height=\"375\" sizes=\"(max-width: 500px) 100vw, 500px\" title=\" \" alt=\"francesca fantoni\" \t\tclass=\"so-widget-image\"\/>\n\t\t\t<\/a><\/div>\n\n<\/div><\/div><\/div><div id=\"pgc-10537-2-1\"  class=\"panel-grid-cell\" ><div id=\"panel-10537-2-1-0\" class=\"so-panel widget widget_sow-headline panel-first-child\" data-index=\"4\" ><div class=\"panel-widget-style panel-widget-style-for-10537-2-1-0\" ><div\n\t\t\t\n\t\t\tclass=\"so-widget-sow-headline so-widget-sow-headline-default-b3d7a20d78aa-10537\"\n\t\t\t\n\t\t><div class=\"sow-headline-container \">\n\t\t\t\t\t\t\t<h2 class=\"sow-headline\">\n\t\t\t\t\t\tFrancesca Fantoni\t\t\t\t\t\t<\/h2>\n\t\t\t\t\t\t\t\t\t\t\t\t<p class=\"sow-sub-headline\">\n\t\t\t\t\t\tLeidenschaftliche Reisende, Sommeli\u00e8re und langj\u00e4hrige Bloggerin. Seit \u00fcber 13 Jahren schreibe ich hier aus eigener Erfahrung \u00fcber meine Wege: Ich koche, probiere, entdecke Rezepte, regionale Spezialit\u00e4ten und handwerklich gemachte Weine.\t\t\t\t\t\t<\/p>\n\t\t\t\t\t\t<\/div>\n<\/div><\/div><\/div><div id=\"panel-10537-2-1-1\" class=\"so-panel widget widget_sow-button\" data-index=\"5\" ><div\n\t\t\t\n\t\t\tclass=\"so-widget-sow-button so-widget-sow-button-flat-c9135c34e67c-10537\"\n\t\t\t\n\t\t><div class=\"ow-button-base ow-button-align-left\"\n>\n\t\t\t<a\n\t\t\t\t\thref=\"https:\/\/theblackfig.com\/de\/ueber-mich\"\n\t\t\t\t\tclass=\"sowb-button ow-icon-placement-right ow-button-hover\" \t>\n\t\t<span>\n\t\t\t<span class=\"sow-icon-materialicons sowm-regular\" data-sow-icon=\"&#xe941\"\n\t\tstyle=\"color: #ffffff\" \n\t\taria-hidden=\"true\"><\/span>\n\t\t\tMEHR ERFAHREN\t\t<\/span>\n\t\t\t<\/a>\n\t<\/div>\n<\/div><\/div><div id=\"panel-10537-2-1-2\" class=\"so-panel widget widget_sow-social-media-buttons panel-last-child\" data-index=\"6\" ><div\n\t\t\t\n\t\t\tclass=\"so-widget-sow-social-media-buttons so-widget-sow-social-media-buttons-flat-22f67fa6623b-10537\"\n\t\t\t\n\t\t>\n\n<div class=\"social-media-button-container\">\n\t\n\t\t<a \n\t\tclass=\"ow-button-hover sow-social-media-button-instagram-0 sow-social-media-button\" title=\"The Black Fig on Instagram\" aria-label=\"The Black Fig on Instagram\" target=\"_blank\" rel=\"noopener noreferrer\" href=\"https:\/\/www.instagram.com\/theblackfig\/\" \t\t>\n\t\t\t<span>\n\t\t\t\t\t\t\t\t<span class=\"sow-icon-fontawesome sow-fab\" data-sow-icon=\"&#xf16d;\"\n\t\t \n\t\taria-hidden=\"true\"><\/span>\t\t\t\t\t\t\t<\/span>\n\t\t<\/a>\n\t\n\t\t<a \n\t\tclass=\"ow-button-hover sow-social-media-button-facebook-0 sow-social-media-button\" title=\"The Black Fig on Facebook\" aria-label=\"The Black Fig on Facebook\" target=\"_blank\" rel=\"noopener noreferrer\" href=\"https:\/\/www.facebook.com\/theblackfig\/\" \t\t>\n\t\t\t<span>\n\t\t\t\t\t\t\t\t<span class=\"sow-icon-fontawesome sow-fab\" data-sow-icon=\"&#xf39e;\"\n\t\t \n\t\taria-hidden=\"true\"><\/span>\t\t\t\t\t\t\t<\/span>\n\t\t<\/a>\n\t\n\t\t<a \n\t\tclass=\"ow-button-hover sow-social-media-button-pinterest-0 sow-social-media-button\" title=\"The Black Fig on Pinterest\" aria-label=\"The Black Fig on Pinterest\" target=\"_blank\" rel=\"noopener noreferrer\" href=\"https:\/\/pinterest.com\/theblackfig\/\" \t\t>\n\t\t\t<span>\n\t\t\t\t\t\t\t\t<span class=\"sow-icon-fontawesome sow-fab\" data-sow-icon=\"&#xf0d2;\"\n\t\t \n\t\taria-hidden=\"true\"><\/span>\t\t\t\t\t\t\t<\/span>\n\t\t<\/a>\n\t\n\t\t<a \n\t\tclass=\"ow-button-hover sow-social-media-button-linkedin-0 sow-social-media-button\" title=\"The Black Fig on Linkedin\" aria-label=\"The Black Fig on Linkedin\" target=\"_blank\" rel=\"noopener noreferrer\" href=\"https:\/\/www.linkedin.com\/in\/ffantoni\/\" \t\t>\n\t\t\t<span>\n\t\t\t\t\t\t\t\t<span class=\"sow-icon-fontawesome sow-fab\" data-sow-icon=\"&#xf0e1;\"\n\t\t \n\t\taria-hidden=\"true\"><\/span>\t\t\t\t\t\t\t<\/span>\n\t\t<\/a>\n\t<\/div>\n<\/div><\/div><\/div><\/div><\/div><div id=\"pg-10537-3\"  class=\"panel-grid panel-has-style\" ><div class=\" three-mobile-columns siteorigin-panels-stretch panel-row-style panel-row-style-for-10537-3\" data-stretch-type=\"full\" ><div id=\"pgc-10537-3-0\"  class=\"panel-grid-cell\" ><div id=\"panel-10537-3-0-0\" class=\"so-panel widget widget_sow-headline panel-first-child\" data-index=\"7\" ><div class=\"panel-widget-style panel-widget-style-for-10537-3-0-0\" ><div\n\t\t\t\n\t\t\tclass=\"so-widget-sow-headline so-widget-sow-headline-default-d018376ba7f9-10537\"\n\t\t\t\n\t\t><div class=\"sow-headline-container \">\n\t\t\t\t\t\t\t<h2 class=\"sow-headline\">\n\t\t\t\t\t\tSEASONALE K\u00dcCHE\t\t\t\t\t\t<\/h2>\n\t\t\t\t\t\t<\/div>\n<\/div><\/div><\/div><div id=\"panel-10537-3-0-1\" class=\"so-panel widget widget_sow-image-grid panel-last-child\" data-index=\"8\" ><div class=\" three-mobile-columns panel-widget-style panel-widget-style-for-10537-3-0-1\" ><div\n\t\t\t\n\t\t\tclass=\"so-widget-sow-image-grid so-widget-sow-image-grid-default-5ff94c193d20-10537\"\n\t\t\t\n\t\t>\t<div\n\t\tclass=\"sow-image-grid-wrapper\"\n\t\tdata-max-width=\"250\"\t\tdata-max-height=\"250\"\t>\n\t\t\t\t\t<div class=\"sow-image-grid-image\">\n\t\t\t\t\t\t\t\t\t\t\t\t\t<a href=\"https:\/\/theblackfig.com\/de\/herbstrezepte\"\n\t\t\t\t\t>\n\t\t\t\t\t\t\t\t<img decoding=\"async\" width=\"500\" height=\"500\" src=\"https:\/\/theblackfig.com\/wp-content\/uploads\/2015\/10\/ricetta-torta-vendemmia-olio-oliva-500x500.jpg\" class=\"sow-image-grid-image_html\" alt=\"\" title=\"Herbst\" srcset=\"https:\/\/theblackfig.com\/wp-content\/uploads\/2015\/10\/ricetta-torta-vendemmia-olio-oliva-500x500.jpg 500w, https:\/\/theblackfig.com\/wp-content\/uploads\/2015\/10\/ricetta-torta-vendemmia-olio-oliva-216x216.jpg 216w, https:\/\/theblackfig.com\/wp-content\/uploads\/2015\/10\/ricetta-torta-vendemmia-olio-oliva-375x375.jpg 375w, https:\/\/theblackfig.com\/wp-content\/uploads\/2015\/10\/ricetta-torta-vendemmia-olio-oliva-150x150.jpg 150w, https:\/\/theblackfig.com\/wp-content\/uploads\/2015\/10\/ricetta-torta-vendemmia-olio-oliva-360x361.jpg 360w\" sizes=\"(max-width: 500px) 100vw, 500px\" \/>\t\t\t\t\t\t\t\t\t<\/a>\n\t\t\t\t\t\t\t\t\t\t\t\t\t<div class=\"image-title\">\n\t\t\t\t\t\tHerbst\t\t\t\t\t<\/div>\n\t\t\t\t\t\t\t<\/div>\n\t\t\t\t\t<div class=\"sow-image-grid-image\">\n\t\t\t\t\t\t\t\t\t\t\t\t\t<a href=\"https:\/\/theblackfig.com\/de\/winterrezepte\"\n\t\t\t\t\t>\n\t\t\t\t\t\t\t\t<img decoding=\"async\" width=\"500\" height=\"500\" src=\"https:\/\/theblackfig.com\/wp-content\/uploads\/2017\/01\/Vellutata-di-patate-aglio-salmone-affumicato-500x500.jpg\" class=\"sow-image-grid-image_html\" alt=\"\" title=\"Winter\" srcset=\"https:\/\/theblackfig.com\/wp-content\/uploads\/2017\/01\/Vellutata-di-patate-aglio-salmone-affumicato-500x500.jpg 500w, https:\/\/theblackfig.com\/wp-content\/uploads\/2017\/01\/Vellutata-di-patate-aglio-salmone-affumicato-360x361.jpg 360w, https:\/\/theblackfig.com\/wp-content\/uploads\/2017\/01\/Vellutata-di-patate-aglio-salmone-affumicato-150x150.jpg 150w, https:\/\/theblackfig.com\/wp-content\/uploads\/2017\/01\/Vellutata-di-patate-aglio-salmone-affumicato-320x320.jpg 320w, https:\/\/theblackfig.com\/wp-content\/uploads\/2017\/01\/Vellutata-di-patate-aglio-salmone-affumicato-680x680.jpg 680w\" sizes=\"(max-width: 500px) 100vw, 500px\" \/>\t\t\t\t\t\t\t\t\t<\/a>\n\t\t\t\t\t\t\t\t\t\t\t\t\t<div class=\"image-title\">\n\t\t\t\t\t\tWinter\t\t\t\t\t<\/div>\n\t\t\t\t\t\t\t<\/div>\n\t\t\t\t\t<div class=\"sow-image-grid-image\">\n\t\t\t\t\t\t\t\t\t\t\t\t\t<a href=\"https:\/\/theblackfig.com\/de\/fruhlingsrezepte\"\n\t\t\t\t\t>\n\t\t\t\t\t\t\t\t<img decoding=\"async\" width=\"500\" height=\"500\" src=\"https:\/\/theblackfig.com\/wp-content\/uploads\/2026\/04\/salsa-verde-italiana_26-1-500x500.png\" class=\"sow-image-grid-image_html\" alt=\"\" title=\"Fr\u00fchling\" srcset=\"https:\/\/theblackfig.com\/wp-content\/uploads\/2026\/04\/salsa-verde-italiana_26-1-500x500.png 500w, https:\/\/theblackfig.com\/wp-content\/uploads\/2026\/04\/salsa-verde-italiana_26-1-150x150.png 150w, https:\/\/theblackfig.com\/wp-content\/uploads\/2026\/04\/salsa-verde-italiana_26-1-360x361.png 360w, https:\/\/theblackfig.com\/wp-content\/uploads\/2026\/04\/salsa-verde-italiana_26-1-216x216.png 216w, https:\/\/theblackfig.com\/wp-content\/uploads\/2026\/04\/salsa-verde-italiana_26-1-375x375.png 375w\" sizes=\"(max-width: 500px) 100vw, 500px\" \/>\t\t\t\t\t\t\t\t\t<\/a>\n\t\t\t\t\t\t\t\t\t\t\t\t\t<div class=\"image-title\">\n\t\t\t\t\t\tFr\u00fchling\t\t\t\t\t<\/div>\n\t\t\t\t\t\t\t<\/div>\n\t\t\t\t\t<div class=\"sow-image-grid-image\">\n\t\t\t\t\t\t\t\t\t\t\t\t\t<a href=\"https:\/\/theblackfig.com\/de\/sommerrezepte\"\n\t\t\t\t\t>\n\t\t\t\t\t\t\t\t<img decoding=\"async\" width=\"500\" height=\"500\" src=\"https:\/\/theblackfig.com\/wp-content\/uploads\/2016\/09\/torta-salata-pomodori-ricotta-500x500.jpg\" class=\"sow-image-grid-image_html\" alt=\"\" title=\"Sommer\" srcset=\"https:\/\/theblackfig.com\/wp-content\/uploads\/2016\/09\/torta-salata-pomodori-ricotta-500x500.jpg 500w, https:\/\/theblackfig.com\/wp-content\/uploads\/2016\/09\/torta-salata-pomodori-ricotta-150x150.jpg 150w, https:\/\/theblackfig.com\/wp-content\/uploads\/2016\/09\/torta-salata-pomodori-ricotta-680x680.jpg 680w, https:\/\/theblackfig.com\/wp-content\/uploads\/2016\/09\/torta-salata-pomodori-ricotta-360x361.jpg 360w, https:\/\/theblackfig.com\/wp-content\/uploads\/2016\/09\/torta-salata-pomodori-ricotta-320x321.jpg 320w, https:\/\/theblackfig.com\/wp-content\/uploads\/2016\/09\/torta-salata-pomodori-ricotta-640x640.jpg 640w\" sizes=\"(max-width: 500px) 100vw, 500px\" \/>\t\t\t\t\t\t\t\t\t<\/a>\n\t\t\t\t\t\t\t\t\t\t\t\t\t<div class=\"image-title\">\n\t\t\t\t\t\tSommer\t\t\t\t\t<\/div>\n\t\t\t\t\t\t\t<\/div>\n\t\t\t<\/div>\n<\/div><\/div><\/div><\/div><\/div><\/div><div id=\"pg-10537-4\"  class=\"panel-grid panel-has-style\" ><div class=\"siteorigin-panels-stretch panel-row-style panel-row-style-for-10537-4\" data-stretch-type=\"full\" ><div id=\"pgc-10537-4-0\"  class=\"panel-grid-cell\" ><div id=\"panel-10537-4-0-0\" class=\"so-panel widget widget_sow-image panel-first-child panel-last-child\" data-index=\"9\" ><div class=\"panel-widget-style panel-widget-style-for-10537-4-0-0\" ><div\n\t\t\t\n\t\t\tclass=\"so-widget-sow-image so-widget-sow-image-default-29110e9d5a73-10537\"\n\t\t\t\n\t\t>\n<div class=\"sow-image-container\">\n\t\t\t<a href=\"https:\/\/theblackfig.com\/de\/ueber-mich\"\n\t\t\ttarget=\"_blank\" rel=\"noopener noreferrer\" \t\t>\n\t\t\t<img \n\tsrc=\"https:\/\/theblackfig.com\/wp-content\/uploads\/2012\/12\/ricetta-crostata-di-riso-toscana-con-ricotta-e-uvetta_26-500x500.png\" width=\"500\" height=\"500\" srcset=\"https:\/\/theblackfig.com\/wp-content\/uploads\/2012\/12\/ricetta-crostata-di-riso-toscana-con-ricotta-e-uvetta_26-500x500.png 500w, https:\/\/theblackfig.com\/wp-content\/uploads\/2012\/12\/ricetta-crostata-di-riso-toscana-con-ricotta-e-uvetta_26-150x150.png 150w, https:\/\/theblackfig.com\/wp-content\/uploads\/2012\/12\/ricetta-crostata-di-riso-toscana-con-ricotta-e-uvetta_26-360x361.png 360w, https:\/\/theblackfig.com\/wp-content\/uploads\/2012\/12\/ricetta-crostata-di-riso-toscana-con-ricotta-e-uvetta_26-216x216.png 216w, https:\/\/theblackfig.com\/wp-content\/uploads\/2012\/12\/ricetta-crostata-di-riso-toscana-con-ricotta-e-uvetta_26-375x375.png 375w\" sizes=\"(max-width: 500px) 100vw, 500px\" title=\" \" alt=\"ricette toscane pdf\" \t\tclass=\"so-widget-image\"\/>\n\t\t\t<\/a><\/div>\n\n<\/div><\/div><\/div><\/div><div id=\"pgc-10537-4-1\"  class=\"panel-grid-cell\" ><div id=\"panel-10537-4-1-0\" class=\"so-panel widget widget_sow-headline panel-first-child\" data-index=\"10\" ><div class=\"panel-widget-style panel-widget-style-for-10537-4-1-0\" ><div\n\t\t\t\n\t\t\tclass=\"so-widget-sow-headline so-widget-sow-headline-default-b3d7a20d78aa-10537\"\n\t\t\t\n\t\t><div class=\"sow-headline-container \">\n\t\t\t\t\t\t\t<h2 class=\"sow-headline\">\n\t\t\t\t\t\tErhalte 10 leckeren Rezepten aus der Toskana\t\t\t\t\t\t<\/h2>\n\t\t\t\t\t\t\t\t\t\t\t\t<p class=\"sow-sub-headline\">\n\t\t\t\t\t\tAbboniere The Black Fig-Newsletter! Du erh\u00e4lst eine kleine Rezepten-Sammlung in Deinem Mailbox.\t\t\t\t\t\t<\/p>\n\t\t\t\t\t\t<\/div>\n<\/div><\/div><\/div><div id=\"panel-10537-4-1-1\" class=\"widget_text so-panel widget widget_custom_html panel-last-child\" data-index=\"11\" ><div class=\"widget_text panel-widget-style panel-widget-style-for-10537-4-1-1\" ><div class=\"textwidget custom-html-widget\"><!-- Begin Brevo Form -->\n<!-- START - We recommend to place the below code in head tag of your website html  -->\n<style>\n  @font-face {\n    font-display: block;\n    font-family: Roboto;\n    src: url(https:\/\/assets.brevo.com\/font\/Roboto\/Latin\/normal\/normal\/7529907e9eaf8ebb5220c5f9850e3811.woff2) format(\"woff2\"), url(https:\/\/assets.brevo.com\/font\/Roboto\/Latin\/normal\/normal\/25c678feafdc175a70922a116c9be3e7.woff) format(\"woff\")\n  }\n\n  @font-face {\n    font-display: fallback;\n    font-family: Roboto;\n    font-weight: 600;\n    src: url(https:\/\/assets.brevo.com\/font\/Roboto\/Latin\/medium\/normal\/6e9caeeafb1f3491be3e32744bc30440.woff2) format(\"woff2\"), url(https:\/\/assets.brevo.com\/font\/Roboto\/Latin\/medium\/normal\/71501f0d8d5aa95960f6475d5487d4c2.woff) format(\"woff\")\n  }\n\n  @font-face {\n    font-display: fallback;\n    font-family: Roboto;\n    font-weight: 700;\n    src: url(https:\/\/assets.brevo.com\/font\/Roboto\/Latin\/bold\/normal\/3ef7cf158f310cf752d5ad08cd0e7e60.woff2) format(\"woff2\"), url(https:\/\/assets.brevo.com\/font\/Roboto\/Latin\/bold\/normal\/ece3a1d82f18b60bcce0211725c476aa.woff) format(\"woff\")\n  }\n\n  #sib-container input:-ms-input-placeholder {\n    text-align: left;\n    font-family: Helvetica, sans-serif;\n    color: #c0ccda;\n  }\n\n  #sib-container input::placeholder {\n    text-align: left;\n    font-family: Helvetica, sans-serif;\n    color: #c0ccda;\n  }\n\n  #sib-container textarea::placeholder {\n    text-align: left;\n    font-family: Helvetica, sans-serif;\n    color: #c0ccda;\n  }\n\n  #sib-container a {\n    text-decoration: underline;\n    color: #2BB2FC;\n  }\n<\/style>\n<link rel=\"stylesheet\" href=\"https:\/\/sibforms.com\/forms\/end-form\/build\/sib-styles.css\">\n<!--  END - We recommend to place the above code in head tag of your website html -->\n\n<!-- START - We recommend to place the below code where you want the form in your website html  -->\n<div class=\"sib-form\" style=\"text-align: center;\n         background-color: #fff;                                 \">\n  <div id=\"sib-form-container\" class=\"sib-form-container\">\n    <div id=\"error-message\" class=\"sib-form-message-panel\" style=\"font-size:16px; text-align:left; font-family:Helvetica, sans-serif; color:#661d1d; background-color:#fff; border-radius:0px; border-color:#fff;max-width:540px;\">\n      <div class=\"sib-form-message-panel__text sib-form-message-panel__text--center\">\n        <svg viewBox=\"0 0 512 512\" class=\"sib-icon sib-notification__icon\">\n          <path d=\"M256 40c118.621 0 216 96.075 216 216 0 119.291-96.61 216-216 216-119.244 0-216-96.562-216-216 0-119.203 96.602-216 216-216m0-32C119.043 8 8 119.083 8 256c0 136.997 111.043 248 248 248s248-111.003 248-248C504 119.083 392.957 8 256 8zm-11.49 120h22.979c6.823 0 12.274 5.682 11.99 12.5l-7 168c-.268 6.428-5.556 11.5-11.99 11.5h-8.979c-6.433 0-11.722-5.073-11.99-11.5l-7-168c-.283-6.818 5.167-12.5 11.99-12.5zM256 340c-15.464 0-28 12.536-28 28s12.536 28 28 28 28-12.536 28-28-12.536-28-28-28z\" \/>\n        <\/svg>\n        <span class=\"sib-form-message-panel__inner-text\">\n                          Deine Anmeldung kann nicht best\u00e4tigt werden.\n                      <\/span>\n      <\/div>\n    <\/div>\n    <div><\/div>\n    <div id=\"success-message\" class=\"sib-form-message-panel\" style=\"font-size:16px; text-align:left; font-family:Helvetica, sans-serif; color:#085229; background-color:#fff; border-radius:0px; border-color:#fff;max-width:540px;\">\n      <div class=\"sib-form-message-panel__text sib-form-message-panel__text--center\">\n        <svg viewBox=\"0 0 512 512\" class=\"sib-icon sib-notification__icon\">\n          <path d=\"M256 8C119.033 8 8 119.033 8 256s111.033 248 248 248 248-111.033 248-248S392.967 8 256 8zm0 464c-118.664 0-216-96.055-216-216 0-118.663 96.055-216 216-216 118.664 0 216 96.055 216 216 0 118.663-96.055 216-216 216zm141.63-274.961L217.15 376.071c-4.705 4.667-12.303 4.637-16.97-.068l-85.878-86.572c-4.667-4.705-4.637-12.303.068-16.97l8.52-8.451c4.705-4.667 12.303-4.637 16.97.068l68.976 69.533 163.441-162.13c4.705-4.667 12.303-4.637 16.97.068l8.451 8.52c4.668 4.705 4.637 12.303-.068 16.97z\" \/>\n        <\/svg>\n        <span class=\"sib-form-message-panel__inner-text\">\n                          Deine Anmeldung ist erfolgreich abgeschlossen.\n                      <\/span>\n      <\/div>\n    <\/div>\n    <div><\/div>\n    <div id=\"sib-container\" class=\"sib-container--large sib-container--vertical\" style=\"text-align:center; background-color:rgba(255,255,255,1); max-width:540px; border-radius:0px; border-width:0px; border-color:#fff; border-style:solid; direction:ltr\">\n      <form id=\"sib-form\" method=\"POST\" action=\"https:\/\/dff5694b.sibforms.com\/serve\/MUIFALgJcenx4vcfrD96ldasfgBg3atvOhbDyRIC2o0FU2FPpZkIe_sYhuJNdo681ZVDAyqsOD5P_9A4f_lrzbnSrabTYF2ypJ_tRqXf8CUp7v4rmNdUOdWKnzP7-WCBdmA3gw027Me0gL-pEaiiFyBacRkTesRZwdHoyYMezsmRgHWbI5KpMEUvZUd99_pQmMkjSL8GMeC5XtyB\" data-type=\"subscription\">\n        <div style=\"padding: 8px 0;\">\n          <div class=\"sib-input sib-form-block\">\n            <div class=\"form__entry entry_block\">\n              <div class=\"form__label-row \">\n\n                <div class=\"entry__field\">\n                  <input class=\"input \" maxlength=\"200\" type=\"text\" id=\"NOME\" name=\"NOME\" autocomplete=\"off\" placeholder=\"NAME\" \/>\n                <\/div>\n              <\/div>\n\n              <label class=\"entry__error entry__error--primary\" style=\"font-size:16px; text-align:left; font-family:Helvetica, sans-serif; color:#661d1d; background-color:#fff; border-radius:0px; border-color:#fff;\">\n              <\/label>\n            <\/div>\n          <\/div>\n        <\/div>\n        <div style=\"padding: 8px 0;\">\n          <div class=\"sib-input sib-form-block\">\n            <div class=\"form__entry entry_block\">\n              <div class=\"form__label-row \">\n\n                <div class=\"entry__field\">\n                  <input class=\"input \" type=\"text\" id=\"EMAIL\" name=\"EMAIL\" autocomplete=\"off\" placeholder=\"EMAIL\" data-required=\"true\" required \/>\n                <\/div>\n              <\/div>\n\n              <label class=\"entry__error entry__error--primary\" style=\"font-size:16px; text-align:left; font-family:Helvetica, sans-serif; color:#661d1d; background-color:#fff; border-radius:0px; border-color:#fff;\">\n              <\/label>\n            <\/div>\n          <\/div>\n        <\/div>\n        <div style=\"padding: 8px 0;\">\n          <div class=\"sib-captcha sib-form-block\">\n            <div class=\"form__entry entry_block\">\n              <div class=\"form__label-row \">\n                <script>\n                  function handleCaptchaResponse() {\n                    var event = new Event('captchaChange');\n                    document.getElementById('sib-captcha').dispatchEvent(event);\n                    window.grecaptcha = window.turnstile;\n                  }\n                <\/script>\n                <div class=\"cf-turnstile g-recaptcha\" data-sitekey=\"0x4AAAAAACpLs-Ry--NlFrEY\" id=\"sib-captcha\" data-callback=\"handleCaptchaResponse\" data-language=\"it\"><\/div>\n              <\/div>\n              <label class=\"entry__error entry__error--primary\" style=\"font-size:16px; text-align:left; font-family:Helvetica, sans-serif; color:#661d1d; background-color:#fff; border-radius:0px; border-color:#fff;\">\n              <\/label>\n            <\/div>\n          <\/div>\n        <\/div>\n        <div style=\"padding: 8px 0;\">\n          <div class=\"sib-form-block\" style=\"text-align: left\">\n            <button class=\"sib-form-block__button sib-form-block__button-with-loader\" style=\"font-size:18px; text-align:left; font-weight:600; font-family:Lato, webFonts; color:#fff; background-color:#5b1c3f; border-radius:0px; border-width:0px;\" form=\"sib-form\" type=\"submit\">\n              <svg class=\"icon clickable__icon progress-indicator__icon sib-hide-loader-icon\" viewBox=\"0 0 512 512\" style=\"\">\n                <path d=\"M460.116 373.846l-20.823-12.022c-5.541-3.199-7.54-10.159-4.663-15.874 30.137-59.886 28.343-131.652-5.386-189.946-33.641-58.394-94.896-95.833-161.827-99.676C261.028 55.961 256 50.751 256 44.352V20.309c0-6.904 5.808-12.337 12.703-11.982 83.556 4.306 160.163 50.864 202.11 123.677 42.063 72.696 44.079 162.316 6.031 236.832-3.14 6.148-10.75 8.461-16.728 5.01z\" \/>\n              <\/svg>\n              ANMELDEN\n            <\/button>\n          <\/div>\n        <\/div>\n\n        <input type=\"text\" name=\"email_address_check\" value=\"\" class=\"input--hidden\">\n        <input type=\"hidden\" name=\"locale\" value=\"it\">\n      <\/form>\n    <\/div>\n  <\/div>\n<\/div>\n<!-- END - We recommend to place the above code where you want the form in your website html  -->\n\n<!-- START - We recommend to place the below code in footer or bottom of your website html  -->\n<script>\n  window.REQUIRED_CODE_ERROR_MESSAGE = 'Scegli un prefisso paese';\n  window.LOCALE = 'it';\n  window.EMAIL_INVALID_MESSAGE = window.SMS_INVALID_MESSAGE = \"Die eingegebenen Informationen sind ung\u00fcltig. \u00dcberpr\u00fcfe das Format des Feldes und versuche es erneut.\";\n\n  window.REQUIRED_ERROR_MESSAGE = \"Dieses Feld darf nicht leer gelassen werden. \";\n\n  window.GENERIC_INVALID_MESSAGE = \"Die eingegebenen Informationen sind ung\u00fcltig. \u00dcberpr\u00fcfe das Format des Feldes und versuche es erneut.\";\n\n\n\n\n  window.translation = {\n    common: {\n      selectedList: '{quantity} lista selezionata',\n      selectedLists: '{quantity} liste selezionate',\n      selectedOption: '{quantity} selezionato',\n      selectedOptions: '{quantity} selezionati',\n    }\n  };\n\n  var AUTOHIDE = Boolean(0);\n<\/script>\n\n<script defer src=\"https:\/\/sibforms.com\/forms\/end-form\/build\/main.js\"><\/script>\n\n<script src=\"https:\/\/challenges.cloudflare.com\/turnstile\/v0\/api.js\" async defer><\/script>\n\n<!-- END - We recommend to place the above code in footer or bottom of your website html  -->\n<!-- End Brevo Form --><\/div><\/div><\/div><\/div><\/div><\/div><div id=\"pg-10537-5\"  class=\"panel-grid panel-has-style\" ><div class=\" three-mobile-columns siteorigin-panels-stretch panel-row-style panel-row-style-for-10537-5\" data-stretch-type=\"full\" ><div id=\"pgc-10537-5-0\"  class=\"panel-grid-cell\" ><div id=\"panel-10537-5-0-0\" class=\"so-panel widget widget_sow-headline panel-first-child\" data-index=\"12\" ><div class=\"panel-widget-style panel-widget-style-for-10537-5-0-0\" ><div\n\t\t\t\n\t\t\tclass=\"so-widget-sow-headline so-widget-sow-headline-default-3314507d088c-10537\"\n\t\t\t\n\t\t><div class=\"sow-headline-container \">\n\t\t\t\t\t\t\t<h2 class=\"sow-headline\">\n\t\t\t\t\t\tlieblingszutaten\t\t\t\t\t\t<\/h2>\n\t\t\t\t\t\t<\/div>\n<\/div><\/div><\/div><div id=\"panel-10537-5-0-1\" class=\"so-panel widget widget_sow-image-grid panel-last-child\" data-index=\"13\" ><div class=\" three-mobile-columns panel-widget-style panel-widget-style-for-10537-5-0-1\" ><div\n\t\t\t\n\t\t\tclass=\"so-widget-sow-image-grid so-widget-sow-image-grid-default-5ff94c193d20-10537\"\n\t\t\t\n\t\t>\t<div\n\t\tclass=\"sow-image-grid-wrapper\"\n\t\tdata-max-width=\"350\"\t\tdata-max-height=\"350\"\t>\n\t\t\t\t\t<div class=\"sow-image-grid-image\">\n\t\t\t\t\t\t\t\t\t\t\t\t\t<a href=\"https:\/\/theblackfig.com\/de\/alle-rezepte\/italienische-ricotta-rezepte\"\n\t\t\t\t\t>\n\t\t\t\t\t\t\t\t<img decoding=\"async\" width=\"680\" height=\"1020\" src=\"https:\/\/theblackfig.com\/wp-content\/uploads\/2016\/08\/cheesecake-allo-zenzero.jpg\" class=\"sow-image-grid-image_html\" alt=\"\" title=\"Ricotta\" srcset=\"https:\/\/theblackfig.com\/wp-content\/uploads\/2016\/08\/cheesecake-allo-zenzero.jpg 680w, https:\/\/theblackfig.com\/wp-content\/uploads\/2016\/08\/cheesecake-allo-zenzero-200x300.jpg 200w, https:\/\/theblackfig.com\/wp-content\/uploads\/2016\/08\/cheesecake-allo-zenzero-300x450.jpg 300w\" sizes=\"(max-width: 680px) 100vw, 680px\" \/>\t\t\t\t\t\t\t\t\t<\/a>\n\t\t\t\t\t\t\t\t\t\t\t\t\t<div class=\"image-title\">\n\t\t\t\t\t\tRicotta\t\t\t\t\t<\/div>\n\t\t\t\t\t\t\t<\/div>\n\t\t\t\t\t<div class=\"sow-image-grid-image\">\n\t\t\t\t\t\t\t\t\t\t\t\t\t<a href=\"https:\/\/theblackfig.com\/de\/alle-rezepte\/rezepte-mit-olivenoel\"\n\t\t\t\t\t>\n\t\t\t\t\t\t\t\t<img decoding=\"async\" width=\"900\" height=\"1350\" src=\"https:\/\/theblackfig.com\/wp-content\/uploads\/2025\/11\/dolce-bucce-mele-ricetta.jpg\" class=\"sow-image-grid-image_html\" alt=\"\" title=\"Oliven\u00f6l\" srcset=\"https:\/\/theblackfig.com\/wp-content\/uploads\/2025\/11\/dolce-bucce-mele-ricetta.jpg 900w, https:\/\/theblackfig.com\/wp-content\/uploads\/2025\/11\/dolce-bucce-mele-ricetta-200x300.jpg 200w, https:\/\/theblackfig.com\/wp-content\/uploads\/2025\/11\/dolce-bucce-mele-ricetta-683x1024.jpg 683w\" sizes=\"(max-width: 900px) 100vw, 900px\" \/>\t\t\t\t\t\t\t\t\t<\/a>\n\t\t\t\t\t\t\t\t\t\t\t\t\t<div class=\"image-title\">\n\t\t\t\t\t\tOliven\u00f6l\t\t\t\t\t<\/div>\n\t\t\t\t\t\t\t<\/div>\n\t\t\t\t\t<div class=\"sow-image-grid-image\">\n\t\t\t\t\t\t\t\t\t\t\t\t\t<a href=\"http:\/\/theblackfig.com\/de\/dessert-de\/dessert-mit-obst-einfache-rezepte-italienischer-art\"\n\t\t\t\t\t>\n\t\t\t\t\t\t\t\t<img decoding=\"async\" width=\"800\" height=\"1200\" src=\"https:\/\/theblackfig.com\/wp-content\/uploads\/2026\/04\/Crostatine-alle-albicocche-marinate_26.png\" class=\"sow-image-grid-image_html\" alt=\"\" title=\"Frisches Obst\" srcset=\"https:\/\/theblackfig.com\/wp-content\/uploads\/2026\/04\/Crostatine-alle-albicocche-marinate_26.png 800w, https:\/\/theblackfig.com\/wp-content\/uploads\/2026\/04\/Crostatine-alle-albicocche-marinate_26-200x300.png 200w, https:\/\/theblackfig.com\/wp-content\/uploads\/2026\/04\/Crostatine-alle-albicocche-marinate_26-683x1024.png 683w\" sizes=\"(max-width: 800px) 100vw, 800px\" \/>\t\t\t\t\t\t\t\t\t<\/a>\n\t\t\t\t\t\t\t\t\t\t\t\t\t<div class=\"image-title\">\n\t\t\t\t\t\tFrisches Obst\t\t\t\t\t<\/div>\n\t\t\t\t\t\t\t<\/div>\n\t\t\t\t\t<div class=\"sow-image-grid-image\">\n\t\t\t\t\t\t\t\t\t\t\t\t\t<a href=\"https:\/\/theblackfig.com\/de\/italienische-hulsenfruchte-rezepte\"\n\t\t\t\t\t>\n\t\t\t\t\t\t\t\t<img decoding=\"async\" width=\"800\" height=\"1200\" src=\"https:\/\/theblackfig.com\/wp-content\/uploads\/2013\/06\/zuppa-toscana-cavolo-nero.png\" class=\"sow-image-grid-image_html\" alt=\"\" title=\"H\u00fclsenfr\u00fcchte\" srcset=\"https:\/\/theblackfig.com\/wp-content\/uploads\/2013\/06\/zuppa-toscana-cavolo-nero.png 800w, https:\/\/theblackfig.com\/wp-content\/uploads\/2013\/06\/zuppa-toscana-cavolo-nero-200x300.png 200w, https:\/\/theblackfig.com\/wp-content\/uploads\/2013\/06\/zuppa-toscana-cavolo-nero-683x1024.png 683w\" sizes=\"(max-width: 800px) 100vw, 800px\" \/>\t\t\t\t\t\t\t\t\t<\/a>\n\t\t\t\t\t\t\t\t\t\t\t\t\t<div class=\"image-title\">\n\t\t\t\t\t\tH\u00fclsenfr\u00fcchte\t\t\t\t\t<\/div>\n\t\t\t\t\t\t\t<\/div>\n\t\t\t<\/div>\n<\/div><\/div><\/div><\/div><\/div><\/div><div id=\"pg-10537-6\"  class=\"panel-grid panel-has-style\" ><div class=\"siteorigin-panels-stretch panel-row-style panel-row-style-for-10537-6\" data-stretch-type=\"full\" ><div id=\"pgc-10537-6-0\"  class=\"panel-grid-cell\" ><div id=\"panel-10537-6-0-0\" class=\"so-panel widget widget_sow-headline panel-first-child\" data-index=\"14\" ><div class=\"panel-widget-style panel-widget-style-for-10537-6-0-0\" ><div\n\t\t\t\n\t\t\tclass=\"so-widget-sow-headline so-widget-sow-headline-default-3314507d088c-10537\"\n\t\t\t\n\t\t><div class=\"sow-headline-container \">\n\t\t\t\t\t\t\t<h2 class=\"sow-headline\">\n\t\t\t\t\t\tLetzte Blogeintr\u00e4ge\t\t\t\t\t\t<\/h2>\n\t\t\t\t\t\t<\/div>\n<\/div><\/div><\/div><div id=\"panel-10537-6-0-1\" class=\"so-panel widget widget_featured-post featured-content featuredpost panel-last-child\" data-index=\"15\" ><div class=\"panel-widget-style panel-widget-style-for-10537-6-0-1\" ><article class=\"simple-grid one-fourth odd first post-16396 post type-post status-publish format-standard has-post-thumbnail category-alle-rezepte category-cremige-desserts category-dessert-de category-dessert-mit-obst-einfache-rezepte-italienischer-art category-fruhlingsrezepte category-sommerrezepte tag-erdbeere tag-saisonale-fruechte entry\" aria-label=\"Panna Cotta mit Kamille und frischen Erdbeeren\"><a href=\"https:\/\/theblackfig.com\/de\/2026\/04\/panna-cotta-mit-kamille-frischen-erdbeeren.html\" title=\"Panna Cotta mit Kamille und frischen Erdbeeren\" class=\"aligncenter\"><img decoding=\"async\" width=\"720\" height=\"900\" src=\"https:\/\/theblackfig.com\/wp-content\/uploads\/2014\/10\/Panna-cotta-alla-camomilla_26-720x900.png\" class=\"entry-image attachment-post\" alt=\"Panna Cotta mit Kamille und frischen Erdbeeren 26\" srcset=\"https:\/\/theblackfig.com\/wp-content\/uploads\/2014\/10\/Panna-cotta-alla-camomilla_26-720x900.png 720w, https:\/\/theblackfig.com\/wp-content\/uploads\/2014\/10\/Panna-cotta-alla-camomilla_26-360x450.png 360w\" sizes=\"(max-width: 720px) 100vw, 720px\" \/><\/a><header class=\"entry-header\"><h2 class=\"entry-title\"><a href=\"https:\/\/theblackfig.com\/de\/2026\/04\/panna-cotta-mit-kamille-frischen-erdbeeren.html\">Panna Cotta mit Kamille und frischen Erdbeeren<\/a><\/h2><\/header><\/article><article class=\"simple-grid one-fourth post-14513 post type-post status-publish format-standard has-post-thumbnail category-alle-rezepte category-dessert-de category-herbstrezepte category-kekse-und-plaetzchen category-schokolade-und-kakao tag-kokos-de tag-maissgries tag-schokolade-de entry\" aria-label=\"Knusprige Kokoskekse mit Schokolade und Maisgrie\u00df\"><a href=\"https:\/\/theblackfig.com\/de\/2026\/04\/knusprige-kokoskekse-mit-schokolade-und-maisgriess.html\" title=\"Knusprige Kokoskekse mit Schokolade und Maisgrie\u00df\" class=\"aligncenter\"><img decoding=\"async\" width=\"720\" height=\"900\" src=\"https:\/\/theblackfig.com\/wp-content\/uploads\/2026\/02\/Biscotti-cocco-cioccolato-e-mais-1-720x900.png\" class=\"entry-image attachment-post\" alt=\"Rezept Knusprige Kokoskekse mit Schokolade und Maisgrie\u00df\" srcset=\"https:\/\/theblackfig.com\/wp-content\/uploads\/2026\/02\/Biscotti-cocco-cioccolato-e-mais-1-720x900.png 720w, https:\/\/theblackfig.com\/wp-content\/uploads\/2026\/02\/Biscotti-cocco-cioccolato-e-mais-1-360x450.png 360w\" sizes=\"(max-width: 720px) 100vw, 720px\" \/><\/a><header class=\"entry-header\"><h2 class=\"entry-title\"><a href=\"https:\/\/theblackfig.com\/de\/2026\/04\/knusprige-kokoskekse-mit-schokolade-und-maisgriess.html\">Knusprige Kokoskekse mit Schokolade und Maisgrie\u00df<\/a><\/h2><\/header><\/article><article class=\"simple-grid one-fourth odd post-14318 post type-post status-publish format-standard has-post-thumbnail category-alle-rezepte category-dessert-de category-food-photo-de category-herbstrezepte category-kekse-und-plaetzchen category-rezepte-mit-weinen category-winterrezepte tag-cranberries-de tag-maissgries tag-wein entry\" aria-label=\"Polenta-Kekse mit Grappa und Rosinen\"><a href=\"https:\/\/theblackfig.com\/de\/2026\/02\/polenta-kekse-mit-grappa-und-rosinen.html\" title=\"Polenta-Kekse mit Grappa und Rosinen\" class=\"aligncenter\"><img decoding=\"async\" width=\"720\" height=\"900\" src=\"https:\/\/theblackfig.com\/wp-content\/uploads\/2019\/12\/Biscotti-con-farina-di-mais-720x900.jpg\" class=\"entry-image attachment-post\" alt=\"Polenta-Kekse Rezept\" srcset=\"https:\/\/theblackfig.com\/wp-content\/uploads\/2019\/12\/Biscotti-con-farina-di-mais-720x900.jpg 720w, https:\/\/theblackfig.com\/wp-content\/uploads\/2019\/12\/Biscotti-con-farina-di-mais-360x450.jpg 360w\" sizes=\"(max-width: 720px) 100vw, 720px\" \/><\/a><header class=\"entry-header\"><h2 class=\"entry-title\"><a href=\"https:\/\/theblackfig.com\/de\/2026\/02\/polenta-kekse-mit-grappa-und-rosinen.html\">Polenta-Kekse mit Grappa und Rosinen<\/a><\/h2><\/header><\/article><article class=\"simple-grid one-fourth post-14128 post type-post status-publish format-standard has-post-thumbnail category-alle-rezepte category-dessert-de category-dessert-mit-obst-einfache-rezepte-italienischer-art category-winterrezepte tag-kardamom tag-or tag-saisonale-fruechte entry\" aria-label=\"Umgedrehter Orangenkuchen\"><a href=\"https:\/\/theblackfig.com\/de\/2026\/02\/rezept-umgedrehten-orangenkuchen-karamellisierten-orangenscheiben.html\" title=\"Umgedrehter Orangenkuchen\" class=\"aligncenter\"><img decoding=\"async\" width=\"720\" height=\"900\" src=\"https:\/\/theblackfig.com\/wp-content\/uploads\/2026\/01\/Torta-rovesciata-arance_4-720x900.jpg\" class=\"entry-image attachment-post\" alt=\"Umgedrehter Orangenkuchen\" srcset=\"https:\/\/theblackfig.com\/wp-content\/uploads\/2026\/01\/Torta-rovesciata-arance_4-720x900.jpg 720w, https:\/\/theblackfig.com\/wp-content\/uploads\/2026\/01\/Torta-rovesciata-arance_4-360x450.jpg 360w\" sizes=\"(max-width: 720px) 100vw, 720px\" \/><\/a><header class=\"entry-header\"><h2 class=\"entry-title\"><a href=\"https:\/\/theblackfig.com\/de\/2026\/02\/rezept-umgedrehten-orangenkuchen-karamellisierten-orangenscheiben.html\">Umgedrehter Orangenkuchen<\/a><\/h2><\/header><\/article><\/div><\/div><\/div><\/div><\/div><div id=\"pg-10537-7\"  class=\"panel-grid panel-has-style\" ><div class=\"siteorigin-panels-stretch panel-row-style panel-row-style-for-10537-7\" data-stretch-type=\"full\" ><div id=\"pgc-10537-7-0\"  class=\"panel-grid-cell\" ><div id=\"panel-10537-7-0-0\" class=\"so-panel widget widget_sow-headline panel-first-child\" data-index=\"16\" ><div class=\"panel-widget-style panel-widget-style-for-10537-7-0-0\" ><div\n\t\t\t\n\t\t\tclass=\"so-widget-sow-headline so-widget-sow-headline-default-3314507d088c-14128\"\n\t\t\t\n\t\t><div class=\"sow-headline-container \">\n\t\t\t\t\t\t\t<h2 class=\"sow-headline\">\n\t\t\t\t\t\tDanke daf\u00fcr!\t\t\t\t\t\t<\/h2>\n\t\t\t\t\t\t<\/div>\n<\/div><\/div><\/div><div id=\"panel-10537-7-0-1\" class=\"so-panel widget widget_sow-testimonials panel-last-child\" data-index=\"17\" ><div class=\"so-rounded panel-widget-style panel-widget-style-for-10537-7-0-1\" ><div\n\t\t\t\n\t\t\tclass=\"so-widget-sow-testimonials so-widget-sow-testimonials-default-22e3fa51945d-14128\"\n\t\t\t\n\t\t><div class=\"sow-testimonials\">\n\t\t\t\t\t<div class=\"sow-testimonial-wrapper sow-user-middle sow-layout-text-below\">\n\t\t\t<div class=\"sow-testimonial\">\n\t\t\t\t\n\t\t\t\t<div class=\"sow-testimonial-user\">\n\t\t\t\t\t\t\t\t\t\t<div class=\"sow-image-wrapper sow-image-wrapper-shape-round\">\n\t\t\t\t\t\t\t\t\t\t\t\t<a href=\"https:\/\/theblackfig.com\/de\/2018\/05\/spiegeleier-mit-zucchini-anchovies-kapern.html\" \n\t\t\t\t\t\t\ttarget=\"_blank\" rel=\"noopener noreferrer\"\t\t\t\t\t\t>\n\t\t\t\t\t\t\t\t\t\t\t\t<div class=\"sow-round-image-frame\" style=\"background-image: url( https:\/\/theblackfig.com\/wp-content\/uploads\/2026\/04\/uovo-zucchini-capperi-salina.png );\"><\/div>\t\t\t\t\t\t\t\t\t\t\t\t<\/a>\n\t\t\t\t\t\t\t\t\t\t\t<\/div>\n\t\t\t\t\t\n\t\t\t\t\t<div class=\"sow-text\">\n\t\t\t\t\t\t\t\t\t\t\t\t<a href=\"https:\/\/theblackfig.com\/de\/2018\/05\/spiegeleier-mit-zucchini-anchovies-kapern.html\" \n\t\t\t\t\t\t\ttarget=\"_blank\" rel=\"noopener noreferrer\"\t\t\t\t\t\t>\n\t\t\t\t\t\t\t\t\t\t\t\t\t<span class=\"sow-testimonial-name\"><strong>Spiegeleier mit Zucchini, Anchovies und Kapern<\/strong><\/span>\n\t\t\t\t\t\t\t\t\t\t\t\t<\/a>\n\t\t\t\t\t\t\t\t\t\t\t\t\t\t\t\t\t\t\t<a href=\"https:\/\/theblackfig.com\/de\/2018\/05\/spiegeleier-mit-zucchini-anchovies-kapern.html\" \n\t\t\t\t\t\t\ttarget=\"_blank\" rel=\"noopener noreferrer\"\t\t\t\t\t\t\t>\n\t\t\t\t\t\t\t\t\t\t\t\t\t\t\t\t\t\t\t\t\t\t\t\t\t<\/a>\n\t\t\t\t\t\t\t\t\t\t\t<\/div>\n\t\t\t\t<\/div>\n\n\t\t\t\t\t\t\t\t\t<div class=\"sow-testimonial-text\">\n\t\t\t\t\t\t<p>Ich finde Ihren Blog sehr toll, super Rezepte. Ich frage mich aber wie man immer mit Essen solch tolle Fotos hin bekommt. Vielen Dank daf\u00fcr!<br \/>\n<span style=\"color: #b33045\">- Charlotte<\/span><\/p>\n\t\t\t\t\t<\/div>\n\t\t\t\t\t\t\t<\/div>\n\t\t<\/div>\n\t\t\t\t\t<div class=\"sow-testimonial-wrapper sow-user-middle sow-layout-text-below\">\n\t\t\t<div class=\"sow-testimonial\">\n\t\t\t\t\n\t\t\t\t<div class=\"sow-testimonial-user\">\n\t\t\t\t\t\t\t\t\t\t<div class=\"sow-image-wrapper sow-image-wrapper-shape-round\">\n\t\t\t\t\t\t\t\t\t\t\t\t<a href=\"https:\/\/theblackfig.com\/de\/2016\/09\/tintenfische-mit-mangold.html\" \n\t\t\t\t\t\t\ttarget=\"_blank\" rel=\"noopener noreferrer\"\t\t\t\t\t\t>\n\t\t\t\t\t\t\t\t\t\t\t\t<div class=\"sow-round-image-frame\" style=\"background-image: url( https:\/\/theblackfig.com\/wp-content\/uploads\/2026\/04\/cat-seppie-zimino.png );\"><\/div>\t\t\t\t\t\t\t\t\t\t\t\t<\/a>\n\t\t\t\t\t\t\t\t\t\t\t<\/div>\n\t\t\t\t\t\n\t\t\t\t\t<div class=\"sow-text\">\n\t\t\t\t\t\t\t\t\t\t\t\t<a href=\"https:\/\/theblackfig.com\/de\/2016\/09\/tintenfische-mit-mangold.html\" \n\t\t\t\t\t\t\ttarget=\"_blank\" rel=\"noopener noreferrer\"\t\t\t\t\t\t>\n\t\t\t\t\t\t\t\t\t\t\t\t\t<span class=\"sow-testimonial-name\"><strong>Tintenfische mit Mangold<\/strong><\/span>\n\t\t\t\t\t\t\t\t\t\t\t\t<\/a>\n\t\t\t\t\t\t\t\t\t\t\t\t\t\t\t\t\t\t\t<a href=\"https:\/\/theblackfig.com\/de\/2016\/09\/tintenfische-mit-mangold.html\" \n\t\t\t\t\t\t\ttarget=\"_blank\" rel=\"noopener noreferrer\"\t\t\t\t\t\t\t>\n\t\t\t\t\t\t\t\t\t\t\t\t\t\t\t\t\t\t\t\t\t\t\t\t\t<\/a>\n\t\t\t\t\t\t\t\t\t\t\t<\/div>\n\t\t\t\t<\/div>\n\n\t\t\t\t\t\t\t\t\t<div class=\"sow-testimonial-text\">\n\t\t\t\t\t\t<p>Wir waren beide begeistert und das Rezept ist sofort auf unsere Liste der Favoriten gekommen! Danke f\u00fcr die Ver\u00f6ffentlichung!<br \/>\n<span style=\"color: #b33045\">- Lugart<\/span><\/p>\n\t\t\t\t\t<\/div>\n\t\t\t\t\t\t\t<\/div>\n\t\t<\/div>\n\t\t\t\t\t<div class=\"sow-testimonial-wrapper sow-user-middle sow-layout-text-below\">\n\t\t\t<div class=\"sow-testimonial\">\n\t\t\t\t\n\t\t\t\t<div class=\"sow-testimonial-user\">\n\t\t\t\t\t\t\t\t\t\t<div class=\"sow-image-wrapper sow-image-wrapper-shape-round\">\n\t\t\t\t\t\t\t\t\t\t\t\t<a href=\"https:\/\/theblackfig.com\/de\/2018\/06\/gefuellte-erdbeer-rosmarin-blaetterteigtaschen.html\" \n\t\t\t\t\t\t\ttarget=\"_blank\" rel=\"noopener noreferrer\"\t\t\t\t\t\t>\n\t\t\t\t\t\t\t\t\t\t\t\t<div class=\"sow-round-image-frame\" style=\"background-image: url( https:\/\/theblackfig.com\/wp-content\/uploads\/2026\/04\/91.png );\"><\/div>\t\t\t\t\t\t\t\t\t\t\t\t<\/a>\n\t\t\t\t\t\t\t\t\t\t\t<\/div>\n\t\t\t\t\t\n\t\t\t\t\t<div class=\"sow-text\">\n\t\t\t\t\t\t\t\t\t\t\t\t<a href=\"https:\/\/theblackfig.com\/de\/2018\/06\/gefuellte-erdbeer-rosmarin-blaetterteigtaschen.html\" \n\t\t\t\t\t\t\ttarget=\"_blank\" rel=\"noopener noreferrer\"\t\t\t\t\t\t>\n\t\t\t\t\t\t\t\t\t\t\t\t\t<span class=\"sow-testimonial-name\"><strong>Gef\u00fcllte Erdbeer-Rosmarin Bl\u00e4tterteigtaschen<\/strong><\/span>\n\t\t\t\t\t\t\t\t\t\t\t\t<\/a>\n\t\t\t\t\t\t\t\t\t\t\t\t\t\t\t\t\t\t\t<a href=\"https:\/\/theblackfig.com\/de\/2018\/06\/gefuellte-erdbeer-rosmarin-blaetterteigtaschen.html\" \n\t\t\t\t\t\t\ttarget=\"_blank\" rel=\"noopener noreferrer\"\t\t\t\t\t\t\t>\n\t\t\t\t\t\t\t\t\t\t\t\t\t\t\t\t\t\t\t\t\t\t\t\t\t<\/a>\n\t\t\t\t\t\t\t\t\t\t\t<\/div>\n\t\t\t\t<\/div>\n\n\t\t\t\t\t\t\t\t\t<div class=\"sow-testimonial-text\">\n\t\t\t\t\t\t<p>Ein tolles Rezept! Es hat super geklappt und geschmeckt hat es nicht nur mir sondern der ganzen Familie. Dieses Rezept verdient einen Platz in unserem Familien Kochbuch.<br \/>\n<span style=\"color: #b33045\">- Mona<\/span><\/p>\n\t\t\t\t\t<\/div>\n\t\t\t\t\t\t\t<\/div>\n\t\t<\/div>\n\t\t\t\t\t<div class=\"sow-testimonial-wrapper sow-user-middle sow-layout-text-below\">\n\t\t\t<div class=\"sow-testimonial\">\n\t\t\t\t\n\t\t\t\t<div class=\"sow-testimonial-user\">\n\t\t\t\t\t\t\t\t\t\t<div class=\"sow-image-wrapper sow-image-wrapper-shape-round\">\n\t\t\t\t\t\t\t\t\t\t\t\t<a href=\"https:\/\/theblackfig.com\/de\/2016\/10\/pan-brioche-rezept-hefeteigbrot.html\" \n\t\t\t\t\t\t\ttarget=\"_blank\" rel=\"noopener noreferrer\"\t\t\t\t\t\t>\n\t\t\t\t\t\t\t\t\t\t\t\t<div class=\"sow-round-image-frame\" style=\"background-image: url( https:\/\/theblackfig.com\/wp-content\/uploads\/2026\/04\/2-3.png );\"><\/div>\t\t\t\t\t\t\t\t\t\t\t\t<\/a>\n\t\t\t\t\t\t\t\t\t\t\t<\/div>\n\t\t\t\t\t\n\t\t\t\t\t<div class=\"sow-text\">\n\t\t\t\t\t\t\t\t\t\t\t\t<a href=\"https:\/\/theblackfig.com\/de\/2016\/10\/pan-brioche-rezept-hefeteigbrot.html\" \n\t\t\t\t\t\t\ttarget=\"_blank\" rel=\"noopener noreferrer\"\t\t\t\t\t\t>\n\t\t\t\t\t\t\t\t\t\t\t\t\t<span class=\"sow-testimonial-name\"><strong>Pan Brioche Rezept<\/strong><\/span>\n\t\t\t\t\t\t\t\t\t\t\t\t<\/a>\n\t\t\t\t\t\t\t\t\t\t\t\t\t\t\t\t\t\t\t<a href=\"https:\/\/theblackfig.com\/de\/2016\/10\/pan-brioche-rezept-hefeteigbrot.html\" \n\t\t\t\t\t\t\ttarget=\"_blank\" rel=\"noopener noreferrer\"\t\t\t\t\t\t\t>\n\t\t\t\t\t\t\t\t\t\t\t\t\t\t\t\t\t\t\t\t\t\t\t\t\t<\/a>\n\t\t\t\t\t\t\t\t\t\t\t<\/div>\n\t\t\t\t<\/div>\n\n\t\t\t\t\t\t\t\t\t<div class=\"sow-testimonial-text\">\n\t\t\t\t\t\t<p>Rezept super und tats\u00e4chlich leicht nachzubacken! Habe statt der Marmeladenf\u00fcllung Orangade und Zitronade verwendet - schmeckt uns ausgezeichnet mit K\u00e4se !!!!<br \/>\n<span style=\"color: #b33045\">- Barbara<\/span><\/p>\n\t\t\t\t\t<\/div>\n\t\t\t\t\t\t\t<\/div>\n\t\t<\/div>\n\t<\/div>\n<\/div><\/div><\/div><\/div><\/div><\/div><div id=\"pg-10537-8\"  class=\"panel-grid panel-has-style\" ><div class=\"siteorigin-panels-stretch panel-row-style panel-row-style-for-10537-8\" data-stretch-type=\"full\" ><div id=\"pgc-10537-8-0\"  class=\"panel-grid-cell\" ><div id=\"panel-10537-8-0-0\" class=\"so-panel widget widget_sow-image panel-first-child panel-last-child\" data-index=\"18\" ><div\n\t\t\t\n\t\t\tclass=\"so-widget-sow-image so-widget-sow-image-default-c43113e78d82-14128\"\n\t\t\t\n\t\t>\n<div class=\"sow-image-container\">\n\t\t\t<a href=\"https:\/\/theblackfig.com\/de\/ueber-mich\"\n\t\t\ttarget=\"_blank\" rel=\"noopener noreferrer\" \t\t>\n\t\t\t<img \n\tsrc=\"https:\/\/theblackfig.com\/wp-content\/uploads\/2026\/04\/1-3-500x375.png\" width=\"500\" height=\"375\" sizes=\"(max-width: 500px) 100vw, 500px\" title=\" \" alt=\"francesca fantoni\" \t\tclass=\"so-widget-image\"\/>\n\t\t\t<\/a><\/div>\n\n<\/div><\/div><\/div><div id=\"pgc-10537-8-1\"  class=\"panel-grid-cell\" ><div id=\"panel-10537-8-1-0\" class=\"so-panel widget widget_sow-headline panel-first-child\" data-index=\"19\" ><div class=\"panel-widget-style panel-widget-style-for-10537-8-1-0\" ><div\n\t\t\t\n\t\t\tclass=\"so-widget-sow-headline so-widget-sow-headline-default-b3d7a20d78aa-14128\"\n\t\t\t\n\t\t><div class=\"sow-headline-container \">\n\t\t\t\t\t\t\t<h2 class=\"sow-headline\">\n\t\t\t\t\t\tTrinkst du Wein?\t\t\t\t\t\t<\/h2>\n\t\t\t\t\t\t\t\t\t\t\t\t<p class=\"sow-sub-headline\">\n\t\t\t\t\t\tIch schon, und zwar <strong>sehr gerne<\/strong>! Ich finde es toll, die Unterschiede zwischen den verschiedenen Weinen zu erkennen, Weinberge zu besuchen und mit Winzern\/innen zu sprechen. Hier findest du einige Artikel zum Thema!\t\t\t\t\t\t<\/p>\n\t\t\t\t\t\t<\/div>\n<\/div><\/div><\/div><div id=\"panel-10537-8-1-1\" class=\"so-panel widget widget_sow-button panel-last-child\" data-index=\"20\" ><div class=\"panel-widget-style panel-widget-style-for-10537-8-1-1\" ><div\n\t\t\t\n\t\t\tclass=\"so-widget-sow-button so-widget-sow-button-flat-c9135c34e67c-14128\"\n\t\t\t\n\t\t><div class=\"ow-button-base ow-button-align-left\"\n>\n\t\t\t<a\n\t\t\t\t\thref=\"http:\/\/theblackfig.com\/de\/naturwein-vs-normaler-wein-unterschiede\"\n\t\t\t\t\tclass=\"sowb-button ow-icon-placement-right ow-button-hover\" \t>\n\t\t<span>\n\t\t\t<span class=\"sow-icon-materialicons sowm-regular\" data-sow-icon=\"&#xe941\"\n\t\tstyle=\"color: #ffffff\" \n\t\taria-hidden=\"true\"><\/span>\n\t\t\tARTIKEL \u00dcBER WEIN\t\t<\/span>\n\t\t\t<\/a>\n\t<\/div>\n<\/div><\/div><\/div><\/div><\/div><\/div><div id=\"pg-10537-9\"  class=\"panel-grid panel-has-style\" ><div class=\"siteorigin-panels-stretch panel-row-style panel-row-style-for-10537-9\" data-stretch-type=\"full\" ><div id=\"pgc-10537-9-0\"  class=\"panel-grid-cell\" ><div id=\"panel-10537-9-0-0\" class=\"so-panel widget widget_sow-headline panel-first-child\" data-index=\"21\" ><div class=\"panel-widget-style panel-widget-style-for-10537-9-0-0\" ><div\n\t\t\t\n\t\t\tclass=\"so-widget-sow-headline so-widget-sow-headline-default-3314507d088c-14128\"\n\t\t\t\n\t\t><div class=\"sow-headline-container \">\n\t\t\t\t\t\t\t<h2 class=\"sow-headline\">\n\t\t\t\t\t\tDesserts\t\t\t\t\t\t<\/h2>\n\t\t\t\t\t\t<\/div>\n<\/div><\/div><\/div><div id=\"panel-10537-9-0-1\" class=\"so-panel widget widget_featured-post featured-content featuredpost panel-last-child\" data-index=\"22\" ><div class=\"panel-widget-style panel-widget-style-for-10537-9-0-1\" ><article class=\"simple-grid one-fourth odd first post-13901 post type-post status-publish format-standard has-post-thumbnail category-alle-rezepte category-dessert-de category-dessert-mit-obst-einfache-rezepte-italienischer-art category-herbstrezepte category-rezepte-mit-olivenoel category-winterrezepte tag-apfel tag-natives-olivenoel tag-saisonale-fruechte tag-walnuss entry\" aria-label=\"Apfelkuchen mit Apfelschalen und Olivel\u00f6l\"><a href=\"https:\/\/theblackfig.com\/de\/2025\/11\/apfelkuchen-mit-apfelschalen-olivenoel.html\" title=\"Apfelkuchen mit Apfelschalen und Olivel\u00f6l\" class=\"aligncenter\"><img decoding=\"async\" width=\"720\" height=\"900\" src=\"https:\/\/theblackfig.com\/wp-content\/uploads\/2025\/11\/dolce-bucce-mele-ricetta-720x900.jpg\" class=\"entry-image attachment-post\" alt=\"Apfelkuchen mit Apfelschalen\" srcset=\"https:\/\/theblackfig.com\/wp-content\/uploads\/2025\/11\/dolce-bucce-mele-ricetta-720x900.jpg 720w, https:\/\/theblackfig.com\/wp-content\/uploads\/2025\/11\/dolce-bucce-mele-ricetta-360x450.jpg 360w\" sizes=\"(max-width: 720px) 100vw, 720px\" \/><\/a><header class=\"entry-header\"><h2 class=\"entry-title\"><a href=\"https:\/\/theblackfig.com\/de\/2025\/11\/apfelkuchen-mit-apfelschalen-olivenoel.html\">Apfelkuchen mit Apfelschalen und Olivel\u00f6l<\/a><\/h2><\/header><\/article><article class=\"simple-grid one-fourth post-13068 post type-post status-publish format-standard has-post-thumbnail category-alle-rezepte category-dessert-de category-dessert-mit-obst-einfache-rezepte-italienischer-art category-schokolade-und-kakao category-winterrezepte tag-kaffee tag-obst tag-schokolade-de tag-walnuss entry\" aria-label=\"Bananenkuchen mit Schoko-Kaffee-Creme und kandierten Erdn\u00fcssen\"><a href=\"https:\/\/theblackfig.com\/de\/2025\/11\/bananenkuchen-mit-schoko-kaffee-creme-und-kandierten-erdnuessen.html\" title=\"Bananenkuchen mit Schoko-Kaffee-Creme und kandierten Erdn\u00fcssen\" class=\"aligncenter\"><img decoding=\"async\" width=\"720\" height=\"900\" src=\"https:\/\/theblackfig.com\/wp-content\/uploads\/2013\/03\/torta-banana-caffe-720x900.png\" class=\"entry-image attachment-post\" alt=\"torta banana caff\u00e8\" srcset=\"https:\/\/theblackfig.com\/wp-content\/uploads\/2013\/03\/torta-banana-caffe-720x900.png 720w, https:\/\/theblackfig.com\/wp-content\/uploads\/2013\/03\/torta-banana-caffe-360x450.png 360w\" sizes=\"(max-width: 720px) 100vw, 720px\" \/><\/a><header class=\"entry-header\"><h2 class=\"entry-title\"><a href=\"https:\/\/theblackfig.com\/de\/2025\/11\/bananenkuchen-mit-schoko-kaffee-creme-und-kandierten-erdnuessen.html\">Bananenkuchen mit Schoko-Kaffee-Creme und kandierten Erdn\u00fcssen<\/a><\/h2><\/header><\/article><article class=\"simple-grid one-fourth odd post-13012 post type-post status-publish format-standard has-post-thumbnail category-alle-rezepte category-dessert-de category-food-photo-de category-fruhlingsrezepte category-rezepte-aus-der-toskana tag-kraeuter tag-natives-olivenoel tag-ostern tag-rosine entry\" aria-label=\"Toskanische Rosmarin-Br\u00f6tchen\"><a href=\"https:\/\/theblackfig.com\/de\/2025\/10\/toskanische-rosmarin-broetchen.html\" title=\"Toskanische Rosmarin-Br\u00f6tchen\" class=\"aligncenter\"><img decoding=\"async\" width=\"720\" height=\"900\" src=\"https:\/\/theblackfig.com\/wp-content\/uploads\/2019\/04\/ricetta-pan-di-ramerino-toscana-720x900.jpg\" class=\"entry-image attachment-post\" alt=\"Rezept toskanische Rosmarin-Br\u00f6tchen\" srcset=\"https:\/\/theblackfig.com\/wp-content\/uploads\/2019\/04\/ricetta-pan-di-ramerino-toscana-720x900.jpg 720w, https:\/\/theblackfig.com\/wp-content\/uploads\/2019\/04\/ricetta-pan-di-ramerino-toscana-360x450.jpg 360w\" sizes=\"(max-width: 720px) 100vw, 720px\" \/><\/a><header class=\"entry-header\"><h2 class=\"entry-title\"><a href=\"https:\/\/theblackfig.com\/de\/2025\/10\/toskanische-rosmarin-broetchen.html\">Toskanische Rosmarin-Br\u00f6tchen<\/a><\/h2><\/header><\/article><article class=\"simple-grid one-fourth post-12797 post type-post status-publish format-standard has-post-thumbnail category-alle-rezepte category-dessert-de tag-haselnuess tag-karamell tag-mandel tag-walnuss entry\" aria-label=\"Gebrannte Mandeln zuhause machen\"><a href=\"https:\/\/theblackfig.com\/de\/2025\/10\/gebrannte-mandeln-zuhause-machen.html\" title=\"Gebrannte Mandeln zuhause machen\" class=\"aligncenter\"><img decoding=\"async\" width=\"720\" height=\"900\" src=\"https:\/\/theblackfig.com\/wp-content\/uploads\/2013\/02\/ricetta-frutta-secca-pralinata-720x900.png\" class=\"entry-image attachment-post\" alt=\"ricetta frutta secca pralinata\" srcset=\"https:\/\/theblackfig.com\/wp-content\/uploads\/2013\/02\/ricetta-frutta-secca-pralinata-720x900.png 720w, https:\/\/theblackfig.com\/wp-content\/uploads\/2013\/02\/ricetta-frutta-secca-pralinata-360x450.png 360w\" sizes=\"(max-width: 720px) 100vw, 720px\" \/><\/a><header class=\"entry-header\"><h2 class=\"entry-title\"><a href=\"https:\/\/theblackfig.com\/de\/2025\/10\/gebrannte-mandeln-zuhause-machen.html\">Gebrannte Mandeln zuhause machen<\/a><\/h2><\/header><\/article><article class=\"simple-grid one-fourth odd first post-12944 post type-post status-publish format-standard has-post-thumbnail category-alle-rezepte category-dessert-de category-dessert-mit-obst-einfache-rezepte-italienischer-art category-food-photo-de category-herbstrezepte category-rezepte-aus-der-toskana tag-griess tag-herbst tag-saisonale-fruechte tag-trauben entry\" aria-label=\"Saftiger Omas Grie\u00dfkuchen mit Trauben\"><a href=\"https:\/\/theblackfig.com\/de\/2025\/10\/saftiger-omas-grieskuchen-mit-trauben.html\" title=\"Saftiger Omas Grie\u00dfkuchen mit Trauben\" class=\"aligncenter\"><img decoding=\"async\" width=\"720\" height=\"900\" src=\"https:\/\/theblackfig.com\/wp-content\/uploads\/2013\/10\/dolce-nonna-uva-fragola-semolino-720x900.png\" class=\"entry-image attachment-post\" alt=\"dolce nonna uva fragola semolino\" srcset=\"https:\/\/theblackfig.com\/wp-content\/uploads\/2013\/10\/dolce-nonna-uva-fragola-semolino-720x900.png 720w, https:\/\/theblackfig.com\/wp-content\/uploads\/2013\/10\/dolce-nonna-uva-fragola-semolino-360x450.png 360w\" sizes=\"(max-width: 720px) 100vw, 720px\" \/><\/a><header class=\"entry-header\"><h2 class=\"entry-title\"><a href=\"https:\/\/theblackfig.com\/de\/2025\/10\/saftiger-omas-grieskuchen-mit-trauben.html\">Saftiger Omas Grie\u00dfkuchen mit Trauben<\/a><\/h2><\/header><\/article><article class=\"simple-grid one-fourth post-11144 post type-post status-publish format-standard has-post-thumbnail category-alle-rezepte category-dessert-de category-herbstrezepte category-italienische-ricotta-rezepte category-schokolade-und-kakao tag-ricotta-de tag-rum-de tag-schokolade-de entry\" aria-label=\"Italienischer Ricotta-Kuchen mit Schokolade und Rum\"><a href=\"https:\/\/theblackfig.com\/de\/2025\/01\/italienischer-ricotta-kuchen-schokolade-rum.html\" title=\"Italienischer Ricotta-Kuchen mit Schokolade und Rum\" class=\"aligncenter\"><img decoding=\"async\" width=\"720\" height=\"900\" src=\"https:\/\/theblackfig.com\/wp-content\/uploads\/2020\/04\/Dolce-alla-ricotta-e-cioccolato-720x900.jpg\" class=\"entry-image attachment-post\" alt=\"dolce ricotta e cioccolato\" srcset=\"https:\/\/theblackfig.com\/wp-content\/uploads\/2020\/04\/Dolce-alla-ricotta-e-cioccolato-720x900.jpg 720w, https:\/\/theblackfig.com\/wp-content\/uploads\/2020\/04\/Dolce-alla-ricotta-e-cioccolato-360x450.jpg 360w\" sizes=\"(max-width: 720px) 100vw, 720px\" \/><\/a><header class=\"entry-header\"><h2 class=\"entry-title\"><a href=\"https:\/\/theblackfig.com\/de\/2025\/01\/italienischer-ricotta-kuchen-schokolade-rum.html\">Italienischer Ricotta-Kuchen mit Schokolade und Rum<\/a><\/h2><\/header><\/article><article class=\"simple-grid one-fourth odd post-11047 post type-post status-publish format-standard has-post-thumbnail category-alle-rezepte category-dessert-de category-herbstrezepte category-italienische-ricotta-rezepte category-rezepte-aus-der-toskana category-tarten tag-reis tag-ricotta-de tag-rosine tag-toskana entry\" aria-label=\"Italienische Milchreis-Tarte mit Ricotta und Rosinen\"><a href=\"https:\/\/theblackfig.com\/de\/2024\/12\/italienische-milchreise-tarte-ricotta-rosinen.html\" title=\"Italienische Milchreis-Tarte mit Ricotta und Rosinen\" class=\"aligncenter\"><img decoding=\"async\" width=\"720\" height=\"900\" src=\"https:\/\/theblackfig.com\/wp-content\/uploads\/2012\/12\/Crostata-di-riso-toscana-con-ricotta-e-uvetta-720x900.png\" class=\"entry-image attachment-post\" alt=\"Italienische Milchreis-Tarte mit Ricotta und Rosinen\" srcset=\"https:\/\/theblackfig.com\/wp-content\/uploads\/2012\/12\/Crostata-di-riso-toscana-con-ricotta-e-uvetta-720x900.png 720w, https:\/\/theblackfig.com\/wp-content\/uploads\/2012\/12\/Crostata-di-riso-toscana-con-ricotta-e-uvetta-360x450.png 360w\" sizes=\"(max-width: 720px) 100vw, 720px\" \/><\/a><header class=\"entry-header\"><h2 class=\"entry-title\"><a href=\"https:\/\/theblackfig.com\/de\/2024\/12\/italienische-milchreise-tarte-ricotta-rosinen.html\">Italienische Milchreis-Tarte mit Ricotta und Rosinen<\/a><\/h2><\/header><\/article><article class=\"simple-grid one-fourth post-10704 post type-post status-publish format-standard has-post-thumbnail category-alle-rezepte category-dessert-de category-fruehstuck category-herbstrezepte category-andere-kuechen category-winterrezepte tag-cranberries-de tag-schokolade-de entry\" aria-label=\"Scones: ein Rezept mit Cranberries und wei\u00dfer Schokolade\"><a href=\"https:\/\/theblackfig.com\/de\/2024\/10\/scones-ein-rezept-mit-cranberries-und-weisser-schokolade.html\" title=\"Scones: ein Rezept mit Cranberries und wei\u00dfer Schokolade\" class=\"aligncenter\"><img decoding=\"async\" width=\"720\" height=\"900\" src=\"https:\/\/theblackfig.com\/wp-content\/uploads\/2012\/12\/come-fare-scones-ricetta-720x900.gif\" class=\"entry-image attachment-post\" alt=\"come fare scones inglesi ricetta\" srcset=\"https:\/\/theblackfig.com\/wp-content\/uploads\/2012\/12\/come-fare-scones-ricetta-720x900.gif 720w, https:\/\/theblackfig.com\/wp-content\/uploads\/2012\/12\/come-fare-scones-ricetta-360x450.gif 360w\" sizes=\"(max-width: 720px) 100vw, 720px\" \/><\/a><header class=\"entry-header\"><h2 class=\"entry-title\"><a href=\"https:\/\/theblackfig.com\/de\/2024\/10\/scones-ein-rezept-mit-cranberries-und-weisser-schokolade.html\">Scones: ein Rezept mit Cranberries und wei\u00dfer Schokolade<\/a><\/h2><\/header><\/article><\/div><\/div><\/div><\/div><\/div><\/div>","protected":false},"excerpt":{"rendered":"<p>Aus der Toskana Pasta &amp; Co Dessert Aperitiv &amp; Vorspeise Beliebte Kategorien RicottaRezepte Schokolade&amp; Kakao Suppen&amp; Eint\u00f6pfe Biscotti Fr\u00fchstuck VegetarischeRezepte Francesca Fantoni Leidenschaftliche Reisende, Sommeli\u00e8re und langj\u00e4hrige Bloggerin. Seit \u00fcber 13 Jahren schreibe ich hier aus eigener Erfahrung \u00fcber meine Wege: Ich koche, probiere, entdecke Rezepte, regionale Spezialit\u00e4ten und handwerklich gemachte Weine. MEHR ERFAHREN SEASONALE&#8230;<\/p>\n<p><a class=\"more-link\" href=\"https:\/\/theblackfig.com\/de\">Lesen<\/a><\/p>\n","protected":false},"author":2,"featured_media":0,"parent":0,"menu_order":0,"comment_status":"closed","ping_status":"closed","template":"","meta":{"wprm-recipe-roundup-name":"","wprm-recipe-roundup-description":"","_genesis_hide_title":false,"_genesis_hide_breadcrumbs":false,"_genesis_hide_singular_image":false,"_genesis_hide_footer_widgets":false,"_genesis_custom_body_class":"","_genesis_custom_post_class":"","_genesis_layout":"full-width-content","footnotes":""},"class_list":{"0":"post-10537","1":"page","2":"type-page","3":"status-publish","5":"entry","6":"has-post-thumbnail"},"yoast_head":"<!-- This site is optimized with the Yoast SEO plugin v27.4 - https:\/\/yoast.com\/product\/yoast-seo-wordpress\/ -->\n<title>Ricette | The Black Fig Food Wine Blog<\/title>\n<meta name=\"description\" content=\"In &quot;Chi sono&quot; ti racconto chi scrive, mangia e fotografa su The Black Fig e perch\u00e9. Che lavoro faccio e come sono arrivata ad aprire il blog The Black Fig.\" \/>\n<meta name=\"robots\" content=\"index, follow, max-snippet:-1, max-image-preview:large, max-video-preview:-1\" \/>\n<link rel=\"canonical\" href=\"https:\/\/theblackfig.com\/de\" \/>\n<meta property=\"og:locale\" content=\"de_DE\" \/>\n<meta property=\"og:type\" content=\"article\" \/>\n<meta property=\"og:title\" content=\"Ricette | The Black Fig Food Wine Blog\" \/>\n<meta property=\"og:description\" content=\"In &quot;Chi sono&quot; ti racconto chi scrive, mangia e fotografa su The Black Fig e perch\u00e9. Che lavoro faccio e come sono arrivata ad aprire il blog The Black Fig.\" \/>\n<meta property=\"og:url\" content=\"https:\/\/theblackfig.com\/de\" \/>\n<meta property=\"og:site_name\" content=\"The Black Fig\" \/>\n<meta property=\"article:publisher\" content=\"https:\/\/www.facebook.com\/TheBlackFig\/\" \/>\n<meta property=\"article:modified_time\" content=\"2026-04-24T11:41:41+00:00\" \/>\n<meta property=\"og:image\" content=\"https:\/\/theblackfig.com\/wp-content\/uploads\/2019\/08\/theblackfig-FOOD-AND-WINE-ANARCHIST.jpg\" \/>\n\t<meta property=\"og:image:width\" content=\"600\" \/>\n\t<meta property=\"og:image:height\" content=\"600\" \/>\n\t<meta property=\"og:image:type\" content=\"image\/jpeg\" \/>\n<meta name=\"twitter:card\" content=\"summary_large_image\" \/>\n<meta name=\"twitter:site\" content=\"@TheBlackFig\" \/>\n<meta name=\"twitter:label1\" content=\"Gesch\u00e4tzte Lesezeit\" \/>\n\t<meta name=\"twitter:data1\" content=\"6\u00a0Minuten\" \/>\n<script type=\"application\/ld+json\" class=\"yoast-schema-graph\">{\"@context\":\"https:\\\/\\\/schema.org\",\"@graph\":[{\"@type\":[\"Article\",\"BlogPosting\"],\"@id\":\"https:\\\/\\\/theblackfig.com\\\/de#article\",\"isPartOf\":{\"@id\":\"https:\\\/\\\/theblackfig.com\\\/de\"},\"author\":{\"name\":\"Francesca\",\"@id\":\"https:\\\/\\\/theblackfig.com\\\/de#\\\/schema\\\/person\\\/33b5b6cd55d9673fcce068864afa9559\"},\"headline\":\"New Homepage\",\"datePublished\":\"2026-04-17T12:26:07+00:00\",\"dateModified\":\"2026-04-24T11:41:41+00:00\",\"mainEntityOfPage\":{\"@id\":\"https:\\\/\\\/theblackfig.com\\\/de\"},\"wordCount\":209,\"publisher\":{\"@id\":\"https:\\\/\\\/theblackfig.com\\\/de#\\\/schema\\\/person\\\/33b5b6cd55d9673fcce068864afa9559\"},\"inLanguage\":\"de\"},{\"@type\":\"WebPage\",\"@id\":\"https:\\\/\\\/theblackfig.com\\\/de\",\"url\":\"https:\\\/\\\/theblackfig.com\\\/de\",\"name\":\"Ricette | The Black Fig Food Wine Blog\",\"isPartOf\":{\"@id\":\"https:\\\/\\\/theblackfig.com\\\/de#website\"},\"datePublished\":\"2026-04-17T12:26:07+00:00\",\"dateModified\":\"2026-04-24T11:41:41+00:00\",\"description\":\"In \\\"Chi sono\\\" ti racconto chi scrive, mangia e fotografa su The Black Fig e perch\u00e9. Che lavoro faccio e come sono arrivata ad aprire il blog The Black Fig.\",\"breadcrumb\":{\"@id\":\"https:\\\/\\\/theblackfig.com\\\/de#breadcrumb\"},\"inLanguage\":\"de\",\"potentialAction\":[{\"@type\":\"ReadAction\",\"target\":[\"https:\\\/\\\/theblackfig.com\\\/de\"]}]},{\"@type\":\"BreadcrumbList\",\"@id\":\"https:\\\/\\\/theblackfig.com\\\/de#breadcrumb\",\"itemListElement\":[{\"@type\":\"ListItem\",\"position\":1,\"name\":\"Home\",\"item\":\"https:\\\/\\\/theblackfig.com\\\/de\\\/home\"},{\"@type\":\"ListItem\",\"position\":2,\"name\":\"New Homepage\"}]},{\"@type\":\"WebSite\",\"@id\":\"https:\\\/\\\/theblackfig.com\\\/de#website\",\"url\":\"https:\\\/\\\/theblackfig.com\\\/de\",\"name\":\"The Black Fig Food\",\"description\":\"Authentisch italienisch kochen, Italienische Rezepte, Regionale K\u00fcche\",\"publisher\":{\"@id\":\"https:\\\/\\\/theblackfig.com\\\/de#\\\/schema\\\/person\\\/33b5b6cd55d9673fcce068864afa9559\"},\"potentialAction\":[{\"@type\":\"SearchAction\",\"target\":{\"@type\":\"EntryPoint\",\"urlTemplate\":\"https:\\\/\\\/theblackfig.com\\\/de?s={search_term_string}\"},\"query-input\":{\"@type\":\"PropertyValueSpecification\",\"valueRequired\":true,\"valueName\":\"search_term_string\"}}],\"inLanguage\":\"de\"},{\"@type\":[\"Person\",\"Organization\"],\"@id\":\"https:\\\/\\\/theblackfig.com\\\/de#\\\/schema\\\/person\\\/33b5b6cd55d9673fcce068864afa9559\",\"name\":\"Francesca\",\"image\":{\"@type\":\"ImageObject\",\"inLanguage\":\"de\",\"@id\":\"https:\\\/\\\/theblackfig.com\\\/wp-content\\\/uploads\\\/2019\\\/07\\\/vinessum-bw.jpg\",\"url\":\"https:\\\/\\\/theblackfig.com\\\/wp-content\\\/uploads\\\/2019\\\/07\\\/vinessum-bw.jpg\",\"contentUrl\":\"https:\\\/\\\/theblackfig.com\\\/wp-content\\\/uploads\\\/2019\\\/07\\\/vinessum-bw.jpg\",\"width\":1178,\"height\":1220,\"caption\":\"Francesca\"},\"logo\":{\"@id\":\"https:\\\/\\\/theblackfig.com\\\/wp-content\\\/uploads\\\/2019\\\/07\\\/vinessum-bw.jpg\"},\"sameAs\":[\"https:\\\/\\\/www.facebook.com\\\/TheBlackFig\\\/\",\"https:\\\/\\\/www.instagram.com\\\/TheBlackFig\\\/\",\"https:\\\/\\\/www.linkedin.com\\\/in\\\/ffantoni\\\/\",\"https:\\\/\\\/it.pinterest.com\\\/theblackfig\\\/\"]}]}<\/script>\n<!-- \/ Yoast SEO plugin. -->","yoast_head_json":{"title":"Ricette | The Black Fig Food Wine Blog","description":"In \"Chi sono\" ti racconto chi scrive, mangia e fotografa su The Black Fig e perch\u00e9. Che lavoro faccio e come sono arrivata ad aprire il blog The Black Fig.","robots":{"index":"index","follow":"follow","max-snippet":"max-snippet:-1","max-image-preview":"max-image-preview:large","max-video-preview":"max-video-preview:-1"},"canonical":"https:\/\/theblackfig.com\/de","og_locale":"de_DE","og_type":"article","og_title":"Ricette | The Black Fig Food Wine Blog","og_description":"In \"Chi sono\" ti racconto chi scrive, mangia e fotografa su The Black Fig e perch\u00e9. Che lavoro faccio e come sono arrivata ad aprire il blog The Black Fig.","og_url":"https:\/\/theblackfig.com\/de","og_site_name":"The Black Fig","article_publisher":"https:\/\/www.facebook.com\/TheBlackFig\/","article_modified_time":"2026-04-24T11:41:41+00:00","og_image":[{"width":600,"height":600,"url":"https:\/\/theblackfig.com\/wp-content\/uploads\/2019\/08\/theblackfig-FOOD-AND-WINE-ANARCHIST.jpg","type":"image\/jpeg"}],"twitter_card":"summary_large_image","twitter_site":"@TheBlackFig","twitter_misc":{"Gesch\u00e4tzte Lesezeit":"6\u00a0Minuten"},"schema":{"@context":"https:\/\/schema.org","@graph":[{"@type":["Article","BlogPosting"],"@id":"https:\/\/theblackfig.com\/de#article","isPartOf":{"@id":"https:\/\/theblackfig.com\/de"},"author":{"name":"Francesca","@id":"https:\/\/theblackfig.com\/de#\/schema\/person\/33b5b6cd55d9673fcce068864afa9559"},"headline":"New Homepage","datePublished":"2026-04-17T12:26:07+00:00","dateModified":"2026-04-24T11:41:41+00:00","mainEntityOfPage":{"@id":"https:\/\/theblackfig.com\/de"},"wordCount":209,"publisher":{"@id":"https:\/\/theblackfig.com\/de#\/schema\/person\/33b5b6cd55d9673fcce068864afa9559"},"inLanguage":"de"},{"@type":"WebPage","@id":"https:\/\/theblackfig.com\/de","url":"https:\/\/theblackfig.com\/de","name":"Ricette | The Black Fig Food Wine Blog","isPartOf":{"@id":"https:\/\/theblackfig.com\/de#website"},"datePublished":"2026-04-17T12:26:07+00:00","dateModified":"2026-04-24T11:41:41+00:00","description":"In \"Chi sono\" ti racconto chi scrive, mangia e fotografa su The Black Fig e perch\u00e9. Che lavoro faccio e come sono arrivata ad aprire il blog The Black Fig.","breadcrumb":{"@id":"https:\/\/theblackfig.com\/de#breadcrumb"},"inLanguage":"de","potentialAction":[{"@type":"ReadAction","target":["https:\/\/theblackfig.com\/de"]}]},{"@type":"BreadcrumbList","@id":"https:\/\/theblackfig.com\/de#breadcrumb","itemListElement":[{"@type":"ListItem","position":1,"name":"Home","item":"https:\/\/theblackfig.com\/de\/home"},{"@type":"ListItem","position":2,"name":"New Homepage"}]},{"@type":"WebSite","@id":"https:\/\/theblackfig.com\/de#website","url":"https:\/\/theblackfig.com\/de","name":"The Black Fig Food","description":"Authentisch italienisch kochen, Italienische Rezepte, Regionale K\u00fcche","publisher":{"@id":"https:\/\/theblackfig.com\/de#\/schema\/person\/33b5b6cd55d9673fcce068864afa9559"},"potentialAction":[{"@type":"SearchAction","target":{"@type":"EntryPoint","urlTemplate":"https:\/\/theblackfig.com\/de?s={search_term_string}"},"query-input":{"@type":"PropertyValueSpecification","valueRequired":true,"valueName":"search_term_string"}}],"inLanguage":"de"},{"@type":["Person","Organization"],"@id":"https:\/\/theblackfig.com\/de#\/schema\/person\/33b5b6cd55d9673fcce068864afa9559","name":"Francesca","image":{"@type":"ImageObject","inLanguage":"de","@id":"https:\/\/theblackfig.com\/wp-content\/uploads\/2019\/07\/vinessum-bw.jpg","url":"https:\/\/theblackfig.com\/wp-content\/uploads\/2019\/07\/vinessum-bw.jpg","contentUrl":"https:\/\/theblackfig.com\/wp-content\/uploads\/2019\/07\/vinessum-bw.jpg","width":1178,"height":1220,"caption":"Francesca"},"logo":{"@id":"https:\/\/theblackfig.com\/wp-content\/uploads\/2019\/07\/vinessum-bw.jpg"},"sameAs":["https:\/\/www.facebook.com\/TheBlackFig\/","https:\/\/www.instagram.com\/TheBlackFig\/","https:\/\/www.linkedin.com\/in\/ffantoni\/","https:\/\/it.pinterest.com\/theblackfig\/"]}]}},"_links":{"self":[{"href":"https:\/\/theblackfig.com\/de\/wp-json\/wp\/v2\/pages\/10537","targetHints":{"allow":["GET"]}}],"collection":[{"href":"https:\/\/theblackfig.com\/de\/wp-json\/wp\/v2\/pages"}],"about":[{"href":"https:\/\/theblackfig.com\/de\/wp-json\/wp\/v2\/types\/page"}],"author":[{"embeddable":true,"href":"https:\/\/theblackfig.com\/de\/wp-json\/wp\/v2\/users\/2"}],"replies":[{"embeddable":true,"href":"https:\/\/theblackfig.com\/de\/wp-json\/wp\/v2\/comments?post=10537"}],"version-history":[{"count":0,"href":"https:\/\/theblackfig.com\/de\/wp-json\/wp\/v2\/pages\/10537\/revisions"}],"wp:attachment":[{"href":"https:\/\/theblackfig.com\/de\/wp-json\/wp\/v2\/media?parent=10537"}],"curies":[{"name":"wp","href":"https:\/\/api.w.org\/{rel}","templated":true}]}}